{"id":2386,"date":"2026-03-11T09:59:28","date_gmt":"2026-03-11T12:59:28","guid":{"rendered":"https:\/\/www.aprovaconcursos.com.br\/cursos\/?page_id=2386"},"modified":"2026-03-23T16:27:41","modified_gmt":"2026-03-23T19:27:41","slug":"prova-nacional-docente","status":"publish","type":"page","link":"https:\/\/www.aprovaconcursos.com.br\/cursos\/prova-nacional-docente\/","title":{"rendered":"Prova Nacional Docente (PND)"},"content":{"rendered":"<div class=\"wp-block-post-author\"><div class=\"wp-block-post-author__avatar\"><img alt='' src='https:\/\/secure.gravatar.com\/avatar\/f617925ffe96996dc8799f23a7984694b0e3efacaa19fbff06b4414133263471?s=48&#038;d=mm&#038;r=g' srcset='https:\/\/secure.gravatar.com\/avatar\/f617925ffe96996dc8799f23a7984694b0e3efacaa19fbff06b4414133263471?s=96&#038;d=mm&#038;r=g 2x' class='avatar avatar-48 photo' height='48' width='48' \/><\/div><div class=\"wp-block-post-author__content\"><p class=\"wp-block-post-author__name\">Rinaldo Junior<\/p><p class=\"wp-block-post-author__bio\">Integrante do time de Reda\u00e7\u00e3o do Aprova. Acompanha e analisa os principais concursos do pa\u00eds, reunindo informa\u00e7\u00f5es atualizadas sobre editais, prazos e etapas para apoiar o candidato na tomada de decis\u00e3o ao longo da jornada.<\/p><\/div><\/div>\n\n\n<p>A <strong><a href=\"https:\/\/www.aprovaconcursos.com.br\/noticias\/pnd-prova-em-2026\/\" target=\"_blank\" rel=\"noreferrer noopener\">Prova Nacional Docente (PND)<\/a><\/strong> \u00e9 a mais recente iniciativa do Minist\u00e9rio da Educa\u00e7\u00e3o (MEC) para transformar a forma como professores ingressam nas redes p\u00fablicas de ensino no Brasil. Criada em janeiro de 2025 pelo Decreto n\u00ba 12.358 e integrada ao Programa Mais Professores para o Brasil, a PND \u00e9 oficialmente chamada de &#8220;Enem dos Professores&#8221; ou &#8220;CNU dos Professores&#8221; pela m\u00eddia e pelo p\u00fablico, devido \u00e0s semelhan\u00e7as estruturais e estrat\u00e9gicas com esses dois grandes exames nacionais.<\/p>\n\n\n\n<p>Diferentemente de concursos p\u00fablicos tradicionais \u2014 que s\u00e3o organizados de forma fragmentada por cada estado, munic\u00edpio ou rede de ensino, com editais diferentes, bancas diferentes e custos elevados para os candidatos \u2014, a PND estabelece um padr\u00e3o nacional \u00fanico de avalia\u00e7\u00e3o de conhecimentos pedag\u00f3gicos e espec\u00edficos dos futuros professores da educa\u00e7\u00e3o b\u00e1sica p\u00fablica. <\/p>\n\n\n\n<p>A prova \u00e9 aplicada anualmente pelo Instituto Nacional de Estudos e Pesquisas Educacionais An\u00edsio Teixeira (Inep), o mesmo \u00f3rg\u00e3o respons\u00e1vel pela aplica\u00e7\u00e3o do ENEM e do ENADE, garantindo expertise t\u00e9cnica, capilaridade nacional e isonomia no processo.<\/p>\n\n\n\n<div class=\"wp-block-yoast-seo-table-of-contents yoast-table-of-contents\"><h2>Sum\u00e1rio<\/h2><ul><li><a href=\"#h-por-que-a-pnd-foi-criada\" data-level=\"2\">Por que a PND foi criada?<\/a><\/li><li><a href=\"#h-a-pnd-nao-e-um-concurso-publico\" data-level=\"2\">A PND N\u00c3O \u00e9 um concurso p\u00fablico<\/a><\/li><li><a href=\"#h-como-funciona-a-prova-nacional-docente\" data-level=\"2\">Como funciona a Prova Nacional Docente<\/a><\/li><li><a href=\"#h-quem-pode-fazer-a-pnd\" data-level=\"2\">Quem pode fazer a PND?<\/a><\/li><li><a href=\"#h-cronograma-da-pnd-baseado-na-edicao-2025\" data-level=\"2\">Cronograma da PND (baseado na edi\u00e7\u00e3o 2025)<\/a><\/li><li><a href=\"#h-as-17-areas-de-licenciatura-avaliadas-pela-pnd\" data-level=\"2\">As 17 \u00e1reas de licenciatura avaliadas pela PND<\/a><\/li><li><a href=\"#h-quem-faz-a-pnd-perfil-dos-participantes-e-inscricoes-por-regiao\" data-level=\"2\">Quem faz a PND? Perfil dos participantes e inscri\u00e7\u00f5es por regi\u00e3o<\/a><\/li><li><a href=\"#h-como-funciona-a-nota-da-pnd\" data-level=\"2\">Como funciona a nota da PND<\/a><\/li><li><a href=\"#h-como-os-entes-federativos-usam-a-pnd\" data-level=\"2\">Como os entes federativos usam a PND<\/a><\/li><li><a href=\"#h-diferencas-entre-a-pnd-e-concursos-tradicionais\" data-level=\"2\">Diferen\u00e7as entre a PND e concursos tradicionais<\/a><\/li><li><a href=\"#h-estrategia-de-estudo-para-a-pnd\" data-level=\"2\">Estrat\u00e9gia de estudo para a PND<\/a><\/li><li><a href=\"#h-programa-mais-professores-para-o-brasil-o-ecossistema-completo-de-valorizacao-docente\" data-level=\"2\">Programa Mais Professores para o Brasil: o ecossistema completo de valoriza\u00e7\u00e3o docente<\/a><\/li><li><a href=\"#h-comparativo-completo-entre-as-17-areas-de-licenciatura-da-pnd\" data-level=\"2\">Comparativo completo entre as 17 \u00e1reas de licenciatura da PND<\/a><\/li><li><a href=\"#h-salarios-de-professores-analise-completa-por-estado-e-carreira\" data-level=\"2\">Sal\u00e1rios de professores: an\u00e1lise completa por estado e carreira<\/a><\/li><li><a href=\"#h-rotina-de-trabalho-do-professor-o-dia-a-dia-em-diferentes-niveis-de-ensino\" data-level=\"2\">Rotina de trabalho do professor: o dia a dia em diferentes n\u00edveis de ensino<\/a><\/li><li><a href=\"#h-mercado-de-trabalho-para-professores-analise-completa\" data-level=\"2\">Mercado de trabalho para professores: an\u00e1lise completa<\/a><\/li><li><a href=\"#h-perguntas-frequentes-faq\" data-level=\"2\">Perguntas Frequentes (FAQ)<\/a><\/li><li><a href=\"#h-prova-nacional-docente\" data-level=\"2\">Prova Nacional Docente<\/a><\/li><\/ul><\/div>\n\n\n\n<h2 class=\"wp-block-heading\" id=\"h-por-que-a-pnd-foi-criada\"><strong><strong>Por que a PND foi criada?<\/strong><\/strong><\/h2>\n\n\n\n<p>A educa\u00e7\u00e3o b\u00e1sica p\u00fablica brasileira enfrenta um d\u00e9ficit estrutural cr\u00f4nico de professores qualificados e efetivos. Segundo dados do Censo Escolar e do pr\u00f3prio MEC, estima-se que o Brasil precise de aproximadamente <strong>2,3 milh\u00f5es de docentes<\/strong> atuando em sala de aula para atender adequadamente os mais de 47 milh\u00f5es de estudantes da educa\u00e7\u00e3o b\u00e1sica p\u00fablica. No entanto, uma parcela significativa desses profissionais s\u00e3o contratados temporariamente, sem estabilidade, sem forma\u00e7\u00e3o adequada ou sem v\u00ednculo efetivo com as redes de ensino.<\/p>\n\n\n\n<p>Al\u00e9m disso, os concursos p\u00fablicos para professores s\u00e3o realizados de forma espor\u00e1dica e irregular: em m\u00e9dia, <strong>a cada 7,5 anos nas redes municipais<\/strong> e <strong>a cada 5 anos nas redes estaduais<\/strong>, segundo levantamento do MEC. Essa lacuna temporal cria per\u00edodos longos sem renova\u00e7\u00e3o de quadros, obriga as redes a contratar tempor\u00e1rios sem processos seletivos rigorosos e prejudica a qualidade do ensino oferecido aos estudantes.<\/p>\n\n\n\n<p>A Prova Nacional Docente surge, portanto, como um instrumento estrat\u00e9gico para:<\/p>\n\n\n\n<ul class=\"wp-block-list\">\n<li><strong>Padronizar<\/strong> a sele\u00e7\u00e3o de professores em todo o territ\u00f3rio nacional<\/li>\n\n\n\n<li><strong>Estimular<\/strong> a realiza\u00e7\u00e3o mais frequente de concursos e processos seletivos<\/li>\n\n\n\n<li><strong>Reduzir custos<\/strong> para estados e munic\u00edpios (que n\u00e3o precisam mais contratar bancas organizadoras privadas)<\/li>\n\n\n\n<li><strong>Ampliar o acesso<\/strong> de professores qualificados a oportunidades em diferentes redes de ensino<\/li>\n\n\n\n<li><strong>Valorizar<\/strong> a carreira docente com processos mais transparentes e ison\u00f4micos<\/li>\n\n\n\n<li><strong>Criar um banco nacional<\/strong> de profissionais aptos a assumir vagas conforme a demanda<\/li>\n\n\n\n<li><strong>Subsidiar pol\u00edticas p\u00fablicas<\/strong> de forma\u00e7\u00e3o de professores com dados objetivos sobre a qualidade da forma\u00e7\u00e3o inicial<\/li>\n<\/ul>\n\n\n\n<h2 class=\"wp-block-heading\" id=\"h-a-pnd-nao-e-um-concurso-publico\"><strong>A PND N\u00c3O \u00e9 um concurso p\u00fablico<\/strong><\/h2>\n\n\n\n<p>\u00c9 fundamental esclarecer: a PND <strong>n\u00e3o \u00e9<\/strong> um concurso p\u00fablico, <strong>n\u00e3o garante<\/strong> nomea\u00e7\u00e3o autom\u00e1tica e <strong>n\u00e3o substitui<\/strong> os processos seletivos pr\u00f3prios de cada rede de ensino. A prova funciona como um <strong>instrumento adicional<\/strong> que estados, munic\u00edpios e o Distrito Federal podem optar por utilizar \u2014 de forma total ou parcial, eliminat\u00f3ria ou classificat\u00f3ria \u2014 em seus editais de sele\u00e7\u00e3o de professores.<\/p>\n\n\n\n<p>A ades\u00e3o \u00e0 PND \u00e9 <strong>volunt\u00e1ria<\/strong> para os entes federativos. Cada secretaria de educa\u00e7\u00e3o decide se vai ou n\u00e3o usar os resultados da prova em seus processos seletivos, como vai usar (nota de corte, classifica\u00e7\u00e3o, etapa complementar) e para quais \u00e1reas de licenciatura. O candidato que faz a PND n\u00e3o \u00e9 automaticamente convocado para lecionar: ele precisa acompanhar os editais das redes que aderiram \u00e0 prova e se inscrever nos processos seletivos espec\u00edficos, apresentando sua nota da PND como parte dos requisitos.<\/p>\n\n\n\n<p><strong>Estrutura da primeira edi\u00e7\u00e3o (2025)<\/strong><\/p>\n\n\n\n<p>A <strong><a href=\"https:\/\/www.aprovaconcursos.com.br\/noticias\/pnd-edital-2025\/\" target=\"_blank\" rel=\"noreferrer noopener\">primeira aplica\u00e7\u00e3o da Prova Nacional Docente<\/a><\/strong> aconteceu em <strong>26 de outubro de 2025<\/strong>, em 750 cidades de todos os estados e do Distrito Federal, com <strong>1.086.914 inscritos confirmados<\/strong>, tornando-se um dos maiores eventos educacionais do pa\u00eds. Desse total, a \u00e1rea de <strong>Pedagogia<\/strong> foi a mais procurada, com 560.576 inscritos (mais de 50% do total), seguida por Letras-Portugu\u00eas (73.187), Matem\u00e1tica (72.530) e Educa\u00e7\u00e3o F\u00edsica (65.911).<\/p>\n\n\n\n<p>A PND avaliou conhecimentos em <strong>17 \u00e1reas de licenciatura<\/strong>: Artes Visuais, Ci\u00eancias Biol\u00f3gicas, Ci\u00eancias Sociais, Computa\u00e7\u00e3o, Educa\u00e7\u00e3o F\u00edsica, Filosofia, F\u00edsica, Geografia, Hist\u00f3ria, Letras-Ingl\u00eas, Letras-Portugu\u00eas, Letras-Portugu\u00eas e Espanhol, Letras-Portugu\u00eas e Ingl\u00eas, Matem\u00e1tica, M\u00fasica, Pedagogia e Qu\u00edmica.<\/p>\n\n\n\n<p><strong>Quem aderiu \u00e0 PND em 2025?<\/strong><\/p>\n\n\n\n<p>Na primeira edi\u00e7\u00e3o, <strong>1.508 munic\u00edpios<\/strong> e <strong>22 secretarias estaduais de educa\u00e7\u00e3o<\/strong> aderiram voluntariamente \u00e0 prova, demonstrando uma ades\u00e3o expressiva e indicando que a PND ser\u00e1, de fato, uma porta de entrada relevante para o magist\u00e9rio p\u00fablico brasileiro nos pr\u00f3ximos anos. Estados como S\u00e3o Paulo, Rio de Janeiro, Minas Gerais e Rio Grande do Sul j\u00e1 anunciaram oficialmente que utilizar\u00e3o a nota da PND em processos seletivos simplificados para contrata\u00e7\u00e3o tempor\u00e1ria e em concursos p\u00fablicos para efetiva\u00e7\u00e3o de professores.<\/p>\n\n\n\n<h2 class=\"wp-block-heading\" id=\"h-como-funciona-a-prova-nacional-docente\"><strong><a href=\"https:\/\/www.aprovaconcursos.com.br\/noticias\/pnd-prova-2025\/\" target=\"_blank\" rel=\"noreferrer noopener\">Como funciona a Prova Nacional Docente<\/a><\/strong><\/h2>\n\n\n\n<p id=\"h-estrutura-completa-do-exame\">A Prova Nacional Docente segue um formato \u00fanico e padronizado, aplicado em um \u00fanico dia, com dura\u00e7\u00e3o total de <strong>5 horas e 30 minutos<\/strong>. A estrutura da prova \u00e9 composta por duas grandes partes:<\/p>\n\n\n\n<p><strong>Parte I \u2014 Forma\u00e7\u00e3o Geral Docente (comum a todas as \u00e1reas)<\/strong><\/p>\n\n\n\n<ul class=\"wp-block-list\">\n<li><strong>30 quest\u00f5es objetivas de m\u00faltipla escolha<\/strong> envolvendo situa\u00e7\u00f5es-problema relacionadas \u00e0 forma\u00e7\u00e3o pedag\u00f3gica geral<\/li>\n\n\n\n<li><strong>1 quest\u00e3o discursiva<\/strong> que avalia clareza, coer\u00eancia, coes\u00e3o, estrat\u00e9gias argumentativas, vocabul\u00e1rio e gram\u00e1tica adequados \u00e0 norma padr\u00e3o da l\u00edngua portuguesa<\/li>\n<\/ul>\n\n\n\n<p><\/p>\n\n\n\n<p><strong>Parte II \u2014 Componente Espec\u00edfico (pr\u00f3prio de cada \u00e1rea de licenciatura)<\/strong><\/p>\n\n\n\n<ul class=\"wp-block-list\">\n<li><strong>50 quest\u00f5es objetivas de m\u00faltipla escolha<\/strong> envolvendo situa\u00e7\u00f5es-problema e estudos de caso relacionados aos conhecimentos espec\u00edficos de cada \u00e1rea<\/li>\n<\/ul>\n\n\n\n<p><\/p>\n\n\n\n<p><strong>Total:<\/strong> 80 quest\u00f5es objetivas + 1 quest\u00e3o discursiva<\/p>\n\n\n\n<p><strong>Matriz de refer\u00eancia<\/strong><\/p>\n\n\n\n<p>A PND utiliza as <strong>mesmas matrizes de refer\u00eancia<\/strong> do Exame Nacional de Desempenho dos Estudantes das Licenciaturas (Enade das Licenciaturas), que desde a edi\u00e7\u00e3o de 2024 foca especificamente nos cursos de forma\u00e7\u00e3o docente. Essas matrizes foram elaboradas por comiss\u00f5es de especialistas vinculadas ao Inep e ao MEC e contemplam os seguintes eixos estruturantes:<\/p>\n\n\n\n<p><strong>Eixo I \u2014 Conhecimentos Pedag\u00f3gicos Gerais (Forma\u00e7\u00e3o Geral Docente):<\/strong><\/p>\n\n\n\n<ul class=\"wp-block-list\">\n<li>Fundamentos filos\u00f3ficos, hist\u00f3ricos e sociol\u00f3gicos da educa\u00e7\u00e3o<\/li>\n\n\n\n<li>Psicologia da educa\u00e7\u00e3o e teorias da aprendizagem<\/li>\n\n\n\n<li>Did\u00e1tica geral e metodologias de ensino<\/li>\n\n\n\n<li>Organiza\u00e7\u00e3o da educa\u00e7\u00e3o b\u00e1sica brasileira (LDB, PNE, BNCC, DCNs)<\/li>\n\n\n\n<li>Avalia\u00e7\u00e3o educacional<\/li>\n\n\n\n<li>Tecnologias educacionais e inova\u00e7\u00e3o pedag\u00f3gica<\/li>\n\n\n\n<li>Inclus\u00e3o, diversidade e educa\u00e7\u00e3o especial<\/li>\n\n\n\n<li>Gest\u00e3o democr\u00e1tica e projeto pol\u00edtico-pedag\u00f3gico<\/li>\n\n\n\n<li>\u00c9tica profissional docente<\/li>\n<\/ul>\n\n\n\n<p><\/p>\n\n\n\n<p><strong>Eixo II \u2014 Conhecimentos Espec\u00edficos de cada \u00e1rea de licenciatura:<\/strong> Cada uma das 17 \u00e1reas de licenciatura possui sua pr\u00f3pria matriz de refer\u00eancia, contemplando os conhecimentos disciplinares espec\u00edficos, as metodologias de ensino da disciplina e as compet\u00eancias necess\u00e1rias para lecionar aquela \u00e1rea na educa\u00e7\u00e3o b\u00e1sica.<\/p>\n\n\n\n<p>Por exemplo:<\/p>\n\n\n\n<ul class=\"wp-block-list\">\n<li><strong>Pedagogia:<\/strong> fundamentos e metodologias da educa\u00e7\u00e3o infantil, alfabetiza\u00e7\u00e3o e letramento, metodologias dos anos iniciais, gest\u00e3o escolar<\/li>\n\n\n\n<li><strong>Matem\u00e1tica:<\/strong> \u00e1lgebra, geometria, c\u00e1lculo, estat\u00edstica, metodologia do ensino de matem\u00e1tica<\/li>\n\n\n\n<li><strong>Letras-Portugu\u00eas:<\/strong> lingu\u00edstica, literatura brasileira e portuguesa, gram\u00e1tica, metodologia do ensino de l\u00edngua portuguesa<\/li>\n\n\n\n<li><strong>Ci\u00eancias Biol\u00f3gicas:<\/strong> biologia celular, gen\u00e9tica, ecologia, evolu\u00e7\u00e3o, metodologia do ensino de ci\u00eancias e biologia<\/li>\n<\/ul>\n\n\n\n<p><\/p>\n\n\n\n<p>As matrizes de refer\u00eancia completas est\u00e3o publicadas no Di\u00e1rio Oficial da Uni\u00e3o e dispon\u00edveis no portal do Inep.<\/p>\n\n\n\n<h2 class=\"wp-block-heading\" id=\"h-quem-pode-fazer-a-pnd\"><strong>Quem pode fazer a PND?<\/strong><\/h2>\n\n\n\n<p>A PND \u00e9 destinada a dois grupos distintos de candidatos:<\/p>\n\n\n\n<p><strong>Grupo 1 \u2014 Estudantes concluintes de licenciaturas (inscritos no Enade):<\/strong><\/p>\n\n\n\n<ul class=\"wp-block-list\">\n<li>Participa\u00e7\u00e3o <strong>autom\u00e1tica e gratuita<\/strong><\/li>\n\n\n\n<li>N\u00e3o precisam fazer nova inscri\u00e7\u00e3o na PND (basta estar inscrito no Enade das Licenciaturas)<\/li>\n\n\n\n<li>Fazem a prova como avalia\u00e7\u00e3o te\u00f3rica do Enade e simultaneamente obt\u00eam nota para uso em processos seletivos<\/li>\n\n\n\n<li>Representam aproximadamente 40-50% dos participantes<\/li>\n<\/ul>\n\n\n\n<p><\/p>\n\n\n\n<p><strong>Grupo 2 \u2014 Licenciados formados e demais interessados:<\/strong><\/p>\n\n\n\n<ul class=\"wp-block-list\">\n<li>Participa\u00e7\u00e3o <strong>mediante inscri\u00e7\u00e3o volunt\u00e1ria<\/strong> no Sistema PND<\/li>\n\n\n\n<li>Pagamento de taxa de inscri\u00e7\u00e3o de <strong>R$ 85,00<\/strong> (com possibilidade de isen\u00e7\u00e3o conforme crit\u00e9rios socioecon\u00f4micos)<\/li>\n\n\n\n<li>Podem fazer a prova mesmo sem ter conclu\u00eddo a licenciatura recentemente<\/li>\n\n\n\n<li>Incluem:\n<ul class=\"wp-block-list\">\n<li>Professores j\u00e1 formados que desejam mudar de rede de ensino<\/li>\n\n\n\n<li>Licenciados que nunca atuaram no magist\u00e9rio e desejam ingressar<\/li>\n\n\n\n<li>Estudantes de licenciatura que ainda n\u00e3o est\u00e3o no \u00faltimo ano<\/li>\n\n\n\n<li>Professores efetivos que desejam mudar de munic\u00edpio ou estado<\/li>\n<\/ul>\n<\/li>\n<\/ul>\n\n\n\n<h2 class=\"wp-block-heading\" id=\"h-cronograma-da-pnd-baseado-na-edicao-2025\"><strong>Cronograma da PND (baseado na edi\u00e7\u00e3o 2025)<\/strong><\/h2>\n\n\n\n<p><strong>Janeiro a junho:<\/strong><\/p>\n\n\n\n<ul class=\"wp-block-list\">\n<li>Publica\u00e7\u00e3o do Decreto instituindo a PND<\/li>\n\n\n\n<li>Ades\u00e3o volunt\u00e1ria dos entes federativos via Simec (at\u00e9 15 de junho)<\/li>\n\n\n\n<li>Cadastro de editais de sele\u00e7\u00e3o pelos entes federativos (mar\u00e7o a junho)<\/li>\n<\/ul>\n\n\n\n<p><\/p>\n\n\n\n<p><strong>Junho:<\/strong><\/p>\n\n\n\n<ul class=\"wp-block-list\">\n<li>Publica\u00e7\u00e3o do Edital da PND pelo Inep<\/li>\n\n\n\n<li>Solicita\u00e7\u00e3o de isen\u00e7\u00e3o da taxa de inscri\u00e7\u00e3o (30 de junho a 4 de julho)<\/li>\n<\/ul>\n\n\n\n<p><\/p>\n\n\n\n<p><strong>Julho:<\/strong><\/p>\n\n\n\n<ul class=\"wp-block-list\">\n<li>Inscri\u00e7\u00f5es (14 a 25 de julho via Sistema PND)<\/li>\n\n\n\n<li>Pagamento da taxa de inscri\u00e7\u00e3o (at\u00e9 31 de julho)<\/li>\n<\/ul>\n\n\n\n<p><\/p>\n\n\n\n<p><strong>Outubro:<\/strong><\/p>\n\n\n\n<ul class=\"wp-block-list\">\n<li>Publica\u00e7\u00e3o dos locais de prova<\/li>\n\n\n\n<li>Aplica\u00e7\u00e3o da PND (\u00faltimo domingo de outubro)<\/li>\n<\/ul>\n\n\n\n<p><\/p>\n\n\n\n<p><strong>Novembro:<\/strong><\/p>\n\n\n\n<ul class=\"wp-block-list\">\n<li>Divulga\u00e7\u00e3o do <a href=\"https:\/\/www.aprovaconcursos.com.br\/noticias\/pnd-resultado-2025\" target=\"_blank\" rel=\"noreferrer noopener\">gabarito preliminar<\/a> (1\u00ba de novembro)<\/li>\n\n\n\n<li>Prazo para recursos<\/li>\n\n\n\n<li>Divulga\u00e7\u00e3o do gabarito definitivo (meados de novembro)<\/li>\n\n\n\n<li>Poss\u00edvel reaplica\u00e7\u00e3o (quando necess\u00e1rio)<\/li>\n<\/ul>\n\n\n\n<p><\/p>\n\n\n\n<p><strong>Dezembro:<\/strong><\/p>\n\n\n\n<ul class=\"wp-block-list\">\n<li>Divulga\u00e7\u00e3o dos resultados individuais (meados de dezembro)<\/li>\n\n\n\n<li>Boletim de desempenho dispon\u00edvel no Sistema PND<\/li>\n<\/ul>\n\n\n\n<p><\/p>\n\n\n\n<p><strong>A partir de janeiro do ano seguinte:<\/strong><\/p>\n\n\n\n<ul class=\"wp-block-list\">\n<li>Utiliza\u00e7\u00e3o dos resultados pelos entes federativos em processos seletivos<\/li>\n<\/ul>\n\n\n\n<h2 class=\"wp-block-heading\" id=\"h-as-17-areas-de-licenciatura-avaliadas-pela-pnd\"><strong>As 17 \u00e1reas de licenciatura avaliadas pela PND<\/strong><\/h2>\n\n\n\n<h3 class=\"wp-block-heading\" id=\"h-pedagogia-area-mais-procurada\"><strong>Pedagogia (\u00e1rea mais procurada)<\/strong><\/h3>\n\n\n\n<p><strong>Inscritos em 2025:<\/strong> 560.576 (51,6% do total)<\/p>\n\n\n\n<p><strong>Atribui\u00e7\u00f5es do pedagogo na educa\u00e7\u00e3o b\u00e1sica:<\/strong><\/p>\n\n\n\n<ul class=\"wp-block-list\">\n<li>Doc\u00eancia na Educa\u00e7\u00e3o Infantil (creches e pr\u00e9-escolas)<\/li>\n\n\n\n<li>Doc\u00eancia nos Anos Iniciais do Ensino Fundamental (1\u00ba ao 5\u00ba ano)<\/li>\n\n\n\n<li>Coordena\u00e7\u00e3o pedag\u00f3gica<\/li>\n\n\n\n<li>Orienta\u00e7\u00e3o educacional<\/li>\n\n\n\n<li>Supervis\u00e3o escolar<\/li>\n\n\n\n<li>Gest\u00e3o escolar (dire\u00e7\u00e3o de unidades)<\/li>\n<\/ul>\n\n\n\n<p><\/p>\n\n\n\n<p id=\"h-temas-centrais-avaliados\"><strong>Temas centrais avaliados:<\/strong><\/p>\n\n\n\n<ul class=\"wp-block-list\">\n<li>Fundamentos da educa\u00e7\u00e3o infantil<\/li>\n\n\n\n<li>Alfabetiza\u00e7\u00e3o e letramento<\/li>\n\n\n\n<li>Metodologias de ensino dos anos iniciais (L\u00edngua Portuguesa, Matem\u00e1tica, Ci\u00eancias, Hist\u00f3ria, Geografia)<\/li>\n\n\n\n<li>Desenvolvimento infantil (teorias de Piaget, Vygotsky, Wallon)<\/li>\n\n\n\n<li>Organiza\u00e7\u00e3o do trabalho pedag\u00f3gico<\/li>\n\n\n\n<li>Avalia\u00e7\u00e3o na educa\u00e7\u00e3o b\u00e1sica<\/li>\n\n\n\n<li>Educa\u00e7\u00e3o inclusiva<\/li>\n\n\n\n<li>Gest\u00e3o democr\u00e1tica da escola<\/li>\n\n\n\n<li>Curr\u00edculo e planejamento<\/li>\n<\/ul>\n\n\n\n<p><\/p>\n\n\n\n<p><strong>Mercado de trabalho:<\/strong> Pedagogos t\u00eam as maiores oportunidades de emprego entre todas as licenciaturas, atuando em escolas p\u00fablicas municipais e estaduais, al\u00e9m de oportunidades em educa\u00e7\u00e3o n\u00e3o formal, ONGs, hospitais e empresas.<\/p>\n\n\n\n<h3 class=\"wp-block-heading\" id=\"h-letras-portugues\"><strong>Letras-Portugu\u00eas<\/strong><\/h3>\n\n\n\n<p><strong>Inscritos em 2025:<\/strong> 73.187<\/p>\n\n\n\n<p><strong>Atribui\u00e7\u00f5es:<\/strong><\/p>\n\n\n\n<ul class=\"wp-block-list\">\n<li>Doc\u00eancia de L\u00edngua Portuguesa nos anos finais do Ensino Fundamental (6\u00ba ao 9\u00ba ano)<\/li>\n\n\n\n<li>Doc\u00eancia de L\u00edngua Portuguesa e Literatura no Ensino M\u00e9dio<\/li>\n<\/ul>\n\n\n\n<p><\/p>\n\n\n\n<p><strong>Temas centrais avaliados:<\/strong><\/p>\n\n\n\n<ul class=\"wp-block-list\">\n<li>Lingu\u00edstica (fon\u00e9tica, morfologia, sintaxe, sem\u00e2ntica, pragm\u00e1tica)<\/li>\n\n\n\n<li>Literatura brasileira (per\u00edodos liter\u00e1rios, autores can\u00f4nicos, an\u00e1lise liter\u00e1ria)<\/li>\n\n\n\n<li>Literatura portuguesa<\/li>\n\n\n\n<li>Gram\u00e1tica normativa e uso da l\u00edngua<\/li>\n\n\n\n<li>Metodologia do ensino de L\u00edngua Portuguesa<\/li>\n\n\n\n<li>Leitura, interpreta\u00e7\u00e3o e produ\u00e7\u00e3o de textos<\/li>\n\n\n\n<li>Varia\u00e7\u00e3o lingu\u00edstica<\/li>\n\n\n\n<li>BNCC de L\u00edngua Portuguesa<\/li>\n<\/ul>\n\n\n\n<h3 class=\"wp-block-heading\" id=\"h-matematica\"><strong>Matem\u00e1tica<\/strong><\/h3>\n\n\n\n<p><strong>Inscritos em 2025:<\/strong> 72.530<\/p>\n\n\n\n<p><strong>Atribui\u00e7\u00f5es:<\/strong><\/p>\n\n\n\n<ul class=\"wp-block-list\">\n<li>Doc\u00eancia de Matem\u00e1tica nos anos finais do Ensino Fundamental<\/li>\n\n\n\n<li>Doc\u00eancia de Matem\u00e1tica no Ensino M\u00e9dio<\/li>\n<\/ul>\n\n\n\n<p><strong>Temas centrais avaliados:<\/strong><\/p>\n\n\n\n<ul class=\"wp-block-list\">\n<li>\u00c1lgebra<\/li>\n\n\n\n<li>Geometria (plana, espacial, anal\u00edtica)<\/li>\n\n\n\n<li>C\u00e1lculo diferencial e integral<\/li>\n\n\n\n<li>Estat\u00edstica e probabilidade<\/li>\n\n\n\n<li>An\u00e1lise matem\u00e1tica<\/li>\n\n\n\n<li>Metodologia do ensino de Matem\u00e1tica<\/li>\n\n\n\n<li>Resolu\u00e7\u00e3o de problemas<\/li>\n\n\n\n<li>Tecnologias no ensino de Matem\u00e1tica<\/li>\n<\/ul>\n\n\n\n<p><\/p>\n\n\n\n<p><strong>Desafio da \u00e1rea:<\/strong> A Matem\u00e1tica \u00e9 uma das \u00e1reas com maior d\u00e9ficit de professores no Brasil, especialmente em regi\u00f5es remotas, tornando as oportunidades de contrata\u00e7\u00e3o extremamente altas.<\/p>\n\n\n\n<h3 class=\"wp-block-heading\" id=\"h-educacao-fisica\"><strong>Educa\u00e7\u00e3o F\u00edsica<\/strong><\/h3>\n\n\n\n<p><strong>Inscritos em 2025:<\/strong> 65.911<\/p>\n\n\n\n<p><strong>Atribui\u00e7\u00f5es:<\/strong><\/p>\n\n\n\n<ul class=\"wp-block-list\">\n<li>Doc\u00eancia de Educa\u00e7\u00e3o F\u00edsica na Educa\u00e7\u00e3o Infantil, Ensino Fundamental e Ensino M\u00e9dio<\/li>\n<\/ul>\n\n\n\n<p><\/p>\n\n\n\n<p><strong>Temas centrais avaliados:<\/strong><\/p>\n\n\n\n<ul class=\"wp-block-list\">\n<li>Fundamentos da Educa\u00e7\u00e3o F\u00edsica escolar<\/li>\n\n\n\n<li>Desenvolvimento motor<\/li>\n\n\n\n<li>Esportes coletivos e individuais<\/li>\n\n\n\n<li>Jogos e brincadeiras<\/li>\n\n\n\n<li>Dan\u00e7a e express\u00e3o corporal<\/li>\n\n\n\n<li>Gin\u00e1stica<\/li>\n\n\n\n<li>Lutas<\/li>\n\n\n\n<li>Metodologia do ensino de Educa\u00e7\u00e3o F\u00edsica<\/li>\n\n\n\n<li>Inclus\u00e3o na Educa\u00e7\u00e3o F\u00edsica<\/li>\n\n\n\n<li>BNCC de Educa\u00e7\u00e3o F\u00edsica<\/li>\n<\/ul>\n\n\n\n<h3 class=\"wp-block-heading\" id=\"h-letras-ingles\"><strong>Letras-Ingl\u00eas<\/strong><\/h3>\n\n\n\n<p><strong>Atribui\u00e7\u00f5es:<\/strong><\/p>\n\n\n\n<ul class=\"wp-block-list\">\n<li>Doc\u00eancia de L\u00edngua Inglesa nos anos finais do Ensino Fundamental e Ensino M\u00e9dio<\/li>\n<\/ul>\n\n\n\n<p><\/p>\n\n\n\n<p><strong>Temas centrais avaliados:<\/strong><\/p>\n\n\n\n<ul class=\"wp-block-list\">\n<li>Gram\u00e1tica da l\u00edngua inglesa<\/li>\n\n\n\n<li>Compreens\u00e3o e produ\u00e7\u00e3o de textos em ingl\u00eas<\/li>\n\n\n\n<li>Fon\u00e9tica e fonologia<\/li>\n\n\n\n<li>Literatura de l\u00edngua inglesa<\/li>\n\n\n\n<li>Metodologia do ensino de l\u00edngua estrangeira<\/li>\n\n\n\n<li>Abordagens comunicativas<\/li>\n<\/ul>\n\n\n\n<h3 class=\"wp-block-heading\" id=\"h-ciencias-biologicas\"><strong>Ci\u00eancias Biol\u00f3gicas<\/strong><\/h3>\n\n\n\n<p><strong>Atribui\u00e7\u00f5es:<\/strong><\/p>\n\n\n\n<ul class=\"wp-block-list\">\n<li>Doc\u00eancia de Ci\u00eancias nos anos finais do Ensino Fundamental<\/li>\n\n\n\n<li>Doc\u00eancia de Biologia no Ensino M\u00e9dio<\/li>\n<\/ul>\n\n\n\n<p><\/p>\n\n\n\n<p><strong>Temas centrais avaliados:<\/strong><\/p>\n\n\n\n<ul class=\"wp-block-list\">\n<li>Biologia celular e molecular<\/li>\n\n\n\n<li>Gen\u00e9tica<\/li>\n\n\n\n<li>Evolu\u00e7\u00e3o<\/li>\n\n\n\n<li>Ecologia<\/li>\n\n\n\n<li>Anatomia e fisiologia<\/li>\n\n\n\n<li>Bot\u00e2nica e zoologia<\/li>\n\n\n\n<li>Metodologia do ensino de Ci\u00eancias e Biologia<\/li>\n\n\n\n<li>Educa\u00e7\u00e3o ambiental<\/li>\n<\/ul>\n\n\n\n<h3 class=\"wp-block-heading\" id=\"h-fisica\"><strong>F\u00edsica<\/strong><\/h3>\n\n\n\n<p><strong>Atribui\u00e7\u00f5es:<\/strong><\/p>\n\n\n\n<ul class=\"wp-block-list\">\n<li>Doc\u00eancia de F\u00edsica no Ensino M\u00e9dio<\/li>\n<\/ul>\n\n\n\n<p><\/p>\n\n\n\n<p><strong>Temas centrais avaliados:<\/strong><\/p>\n\n\n\n<ul class=\"wp-block-list\">\n<li>Mec\u00e2nica cl\u00e1ssica<\/li>\n\n\n\n<li>Termodin\u00e2mica<\/li>\n\n\n\n<li>Eletromagnetismo<\/li>\n\n\n\n<li>\u00d3ptica<\/li>\n\n\n\n<li>F\u00edsica moderna<\/li>\n\n\n\n<li>Metodologia do ensino de F\u00edsica<\/li>\n\n\n\n<li>Experimenta\u00e7\u00e3o no ensino de F\u00edsica<\/li>\n<\/ul>\n\n\n\n<h3 class=\"wp-block-heading\" id=\"h-quimica\"><strong>Qu\u00edmica<\/strong><\/h3>\n\n\n\n<p><strong>Atribui\u00e7\u00f5es:<\/strong><\/p>\n\n\n\n<ul class=\"wp-block-list\">\n<li>Doc\u00eancia de Qu\u00edmica no Ensino M\u00e9dio<\/li>\n<\/ul>\n\n\n\n<p><\/p>\n\n\n\n<p><strong>Temas centrais avaliados:<\/strong><\/p>\n\n\n\n<ul class=\"wp-block-list\">\n<li>Qu\u00edmica geral<\/li>\n\n\n\n<li>Qu\u00edmica org\u00e2nica<\/li>\n\n\n\n<li>Qu\u00edmica inorg\u00e2nica<\/li>\n\n\n\n<li>F\u00edsico-qu\u00edmica<\/li>\n\n\n\n<li>Metodologia do ensino de Qu\u00edmica<\/li>\n\n\n\n<li>Experimenta\u00e7\u00e3o e pr\u00e1ticas laboratoriais<\/li>\n<\/ul>\n\n\n\n<h3 class=\"wp-block-heading\" id=\"h-geografia\"><strong>Geografia<\/strong><\/h3>\n\n\n\n<p><strong>Atribui\u00e7\u00f5es:<\/strong><\/p>\n\n\n\n<ul class=\"wp-block-list\">\n<li>Doc\u00eancia de Geografia nos anos finais do Ensino Fundamental e Ensino M\u00e9dio<\/li>\n<\/ul>\n\n\n\n<p><strong>Temas centrais avaliados:<\/strong><\/p>\n\n\n\n<ul class=\"wp-block-list\">\n<li>Geografia f\u00edsica<\/li>\n\n\n\n<li>Geografia humana<\/li>\n\n\n\n<li>Geografia do Brasil<\/li>\n\n\n\n<li>Geopol\u00edtica<\/li>\n\n\n\n<li>Cartografia<\/li>\n\n\n\n<li>Metodologia do ensino de Geografia<\/li>\n\n\n\n<li>BNCC de Geografia<\/li>\n<\/ul>\n\n\n\n<h3 class=\"wp-block-heading\" id=\"h-historia\"><strong>Hist\u00f3ria<\/strong><\/h3>\n\n\n\n<p><strong>Atribui\u00e7\u00f5es:<\/strong><\/p>\n\n\n\n<ul class=\"wp-block-list\">\n<li>Doc\u00eancia de Hist\u00f3ria nos anos finais do Ensino Fundamental e Ensino M\u00e9dio<\/li>\n<\/ul>\n\n\n\n<p><\/p>\n\n\n\n<p><strong>Temas centrais avaliados:<\/strong><\/p>\n\n\n\n<ul class=\"wp-block-list\">\n<li>Hist\u00f3ria do Brasil<\/li>\n\n\n\n<li>Hist\u00f3ria geral (Antiga, Medieval, Moderna, Contempor\u00e2nea)<\/li>\n\n\n\n<li>Hist\u00f3ria da \u00c1frica e cultura afro-brasileira<\/li>\n\n\n\n<li>Metodologia do ensino de Hist\u00f3ria<\/li>\n\n\n\n<li>Historiografia<\/li>\n\n\n\n<li>BNCC de Hist\u00f3ria<\/li>\n<\/ul>\n\n\n\n<h3 class=\"wp-block-heading\" id=\"h-filosofia\"><strong>Filosofia<\/strong><\/h3>\n\n\n\n<p><strong>Atribui\u00e7\u00f5es:<\/strong><\/p>\n\n\n\n<ul class=\"wp-block-list\">\n<li>Doc\u00eancia de Filosofia no Ensino M\u00e9dio<\/li>\n<\/ul>\n\n\n\n<p><\/p>\n\n\n\n<p><strong>Temas centrais avaliados:<\/strong><\/p>\n\n\n\n<ul class=\"wp-block-list\">\n<li>Hist\u00f3ria da Filosofia (Antiga, Medieval, Moderna, Contempor\u00e2nea)<\/li>\n\n\n\n<li>Filosofia pol\u00edtica<\/li>\n\n\n\n<li>\u00c9tica<\/li>\n\n\n\n<li>Epistemologia<\/li>\n\n\n\n<li>Metodologia do ensino de Filosofia<\/li>\n<\/ul>\n\n\n\n<h3 class=\"wp-block-heading\" id=\"h-ciencias-sociais-sociologia\"><strong>Ci\u00eancias Sociais (Sociologia)<\/strong><\/h3>\n\n\n\n<p><strong>Atribui\u00e7\u00f5es:<\/strong><\/p>\n\n\n\n<ul class=\"wp-block-list\">\n<li>Doc\u00eancia de Sociologia no Ensino M\u00e9dio<\/li>\n<\/ul>\n\n\n\n<p><\/p>\n\n\n\n<p><strong>Temas centrais avaliados:<\/strong><\/p>\n\n\n\n<ul class=\"wp-block-list\">\n<li>Sociologia cl\u00e1ssica (Durkheim, Weber, Marx)<\/li>\n\n\n\n<li>Sociologia contempor\u00e2nea<\/li>\n\n\n\n<li>Antropologia<\/li>\n\n\n\n<li>Metodologia do ensino de Sociologia<\/li>\n<\/ul>\n\n\n\n<h3 class=\"wp-block-heading\" id=\"h-artes-visuais\"><strong>Artes Visuais<\/strong><\/h3>\n\n\n\n<p><strong>Atribui\u00e7\u00f5es:<\/strong><\/p>\n\n\n\n<ul class=\"wp-block-list\">\n<li>Doc\u00eancia de Artes na Educa\u00e7\u00e3o Infantil, Ensino Fundamental e Ensino M\u00e9dio<\/li>\n<\/ul>\n\n\n\n<p><\/p>\n\n\n\n<p><strong>Temas centrais avaliados:<\/strong><\/p>\n\n\n\n<ul class=\"wp-block-list\">\n<li>Hist\u00f3ria da arte<\/li>\n\n\n\n<li>T\u00e9cnicas de artes visuais<\/li>\n\n\n\n<li>Metodologia do ensino de Artes<\/li>\n\n\n\n<li>Arte e cultura brasileira<\/li>\n<\/ul>\n\n\n\n<h3 class=\"wp-block-heading\" id=\"h-musica\"><strong>M\u00fasica<\/strong><\/h3>\n\n\n\n<p><strong>Atribui\u00e7\u00f5es:<\/strong><\/p>\n\n\n\n<ul class=\"wp-block-list\">\n<li>Doc\u00eancia de M\u00fasica na Educa\u00e7\u00e3o B\u00e1sica<\/li>\n<\/ul>\n\n\n\n<p><\/p>\n\n\n\n<p><strong>Temas centrais avaliados:<\/strong><\/p>\n\n\n\n<ul class=\"wp-block-list\">\n<li>Teoria musical<\/li>\n\n\n\n<li>Hist\u00f3ria da m\u00fasica<\/li>\n\n\n\n<li>Pr\u00e1tica musical<\/li>\n\n\n\n<li>Metodologia do ensino de M\u00fasica<\/li>\n<\/ul>\n\n\n\n<h3 class=\"wp-block-heading\" id=\"h-computacao\"><strong>Computa\u00e7\u00e3o<\/strong><\/h3>\n\n\n\n<p><strong>Atribui\u00e7\u00f5es:<\/strong><\/p>\n\n\n\n<ul class=\"wp-block-list\">\n<li>Doc\u00eancia de disciplinas relacionadas \u00e0 inform\u00e1tica e tecnologia na Educa\u00e7\u00e3o B\u00e1sica<\/li>\n<\/ul>\n\n\n\n<p><\/p>\n\n\n\n<p><strong>Temas centrais avaliados:<\/strong><\/p>\n\n\n\n<ul class=\"wp-block-list\">\n<li>Fundamentos de computa\u00e7\u00e3o<\/li>\n\n\n\n<li>Programa\u00e7\u00e3o<\/li>\n\n\n\n<li>Pensamento computacional<\/li>\n\n\n\n<li>Metodologia do ensino de Computa\u00e7\u00e3o<\/li>\n<\/ul>\n\n\n\n<h3 class=\"wp-block-heading\" id=\"h-letras-portugues-e-ingles\"><strong>Letras-Portugu\u00eas e Ingl\u00eas<\/strong><\/h3>\n\n\n\n<p><strong>Atribui\u00e7\u00f5es:<\/strong><\/p>\n\n\n\n<ul class=\"wp-block-list\">\n<li>Doc\u00eancia de L\u00edngua Portuguesa E L\u00edngua Inglesa<\/li>\n<\/ul>\n\n\n\n<p><\/p>\n\n\n\n<p><strong>Temas centrais avaliados:<\/strong> Combina\u00e7\u00e3o dos conte\u00fados de Letras-Portugu\u00eas e Letras-Ingl\u00eas<\/p>\n\n\n\n<h3 class=\"wp-block-heading\" id=\"h-letras-portugues-e-espanhol\"><strong>Letras-Portugu\u00eas e Espanhol<\/strong><\/h3>\n\n\n\n<p><strong>Atribui\u00e7\u00f5es:<\/strong><\/p>\n\n\n\n<ul class=\"wp-block-list\">\n<li>Doc\u00eancia de L\u00edngua Portuguesa E L\u00edngua Espanhola<\/li>\n<\/ul>\n\n\n\n<p><\/p>\n\n\n\n<p><strong>Temas centrais avaliados:<\/strong> Combina\u00e7\u00e3o dos conte\u00fados de Letras-Portugu\u00eas com gram\u00e1tica, literatura e metodologia do ensino de Espanhol<\/p>\n\n\n\n<h2 class=\"wp-block-heading\" id=\"h-quem-faz-a-pnd-perfil-dos-participantes-e-inscricoes-por-regiao\"><strong>Quem faz a PND? Perfil dos participantes e inscri\u00e7\u00f5es por regi\u00e3o<\/strong><\/h2>\n\n\n\n<p><strong>Distribui\u00e7\u00e3o de inscritos por estado (2025)<\/strong><\/p>\n\n\n\n<p><strong>Top 10 estados com mais inscritos:<\/strong><\/p>\n\n\n\n<ol start=\"1\" class=\"wp-block-list\">\n<li><strong>S\u00e3o Paulo:<\/strong> 253.895 inscritos (23,4% do total nacional)<\/li>\n\n\n\n<li><strong>Minas Gerais:<\/strong> 97.113 inscritos (8,9%)<\/li>\n\n\n\n<li><strong>Rio de Janeiro:<\/strong> 72.230 inscritos (6,6%)<\/li>\n\n\n\n<li><strong>Bahia:<\/strong> 62.500 inscritos (estimativa 5,7%)<\/li>\n\n\n\n<li><strong>Paran\u00e1:<\/strong> 58.000 inscritos (estimativa 5,3%)<\/li>\n\n\n\n<li><strong>Rio Grande do Sul:<\/strong> 52.000 inscritos (estimativa 4,8%)<\/li>\n\n\n\n<li><strong>Cear\u00e1:<\/strong> 48.000 inscritos (estimativa 4,4%)<\/li>\n\n\n\n<li><strong>Pernambuco:<\/strong> 46.000 inscritos (estimativa 4,2%)<\/li>\n\n\n\n<li><strong>Goi\u00e1s:<\/strong> 38.000 inscritos (estimativa 3,5%)<\/li>\n\n\n\n<li><strong>Santa Catarina:<\/strong> 35.000 inscritos (estimativa 3,2%)<\/li>\n<\/ol>\n\n\n\n<p><\/p>\n\n\n\n<p><strong>Cidades com mais inscritos:<\/strong><\/p>\n\n\n\n<ol start=\"1\" class=\"wp-block-list\">\n<li><strong>S\u00e3o Paulo\/SP:<\/strong> 84.633 inscritos<\/li>\n\n\n\n<li><strong>Rio de Janeiro\/RJ:<\/strong> 28.765 inscritos<\/li>\n\n\n\n<li><strong>Bras\u00edlia\/DF:<\/strong> 18.754 inscritos<\/li>\n<\/ol>\n\n\n\n<p><\/p>\n\n\n\n<p><strong>Perfil dos inscritos<\/strong><\/p>\n\n\n\n<p><strong>G\u00eanero:<\/strong><\/p>\n\n\n\n<ul class=\"wp-block-list\">\n<li>Aproximadamente <strong>75-80% s\u00e3o mulheres<\/strong> (refletindo a composi\u00e7\u00e3o de g\u00eanero do magist\u00e9rio brasileiro)<\/li>\n\n\n\n<li>20-25% s\u00e3o homens<\/li>\n<\/ul>\n\n\n\n<p><\/p>\n\n\n\n<p><strong>Faixa et\u00e1ria:<\/strong><\/p>\n\n\n\n<ul class=\"wp-block-list\">\n<li>40% t\u00eam entre 18 e 25 anos (concluintes recentes)<\/li>\n\n\n\n<li>35% t\u00eam entre 26 e 35 anos<\/li>\n\n\n\n<li>25% t\u00eam mais de 35 anos<\/li>\n<\/ul>\n\n\n\n<p><\/p>\n\n\n\n<p><strong>Situa\u00e7\u00e3o profissional:<\/strong><\/p>\n\n\n\n<ul class=\"wp-block-list\">\n<li>45% s\u00e3o estudantes de licenciatura (concluintes)<\/li>\n\n\n\n<li>30% j\u00e1 atuam como professores tempor\u00e1rios<\/li>\n\n\n\n<li>15% s\u00e3o professores efetivos buscando mudan\u00e7a de rede<\/li>\n\n\n\n<li>10% s\u00e3o licenciados que nunca lecionaram<\/li>\n<\/ul>\n\n\n\n<p><\/p>\n\n\n\n<p><strong>Sistema de pontua\u00e7\u00e3o e uso dos resultados<\/strong><\/p>\n\n\n\n<h2 class=\"wp-block-heading\" id=\"h-como-funciona-a-nota-da-pnd\"><strong>Como funciona a nota da PND<\/strong><\/h2>\n\n\n\n<p>A PND utiliza a <strong>Teoria da Resposta ao Item (TRI)<\/strong>, o mesmo sistema de pontua\u00e7\u00e3o do Enem. Isso significa que:<\/p>\n\n\n\n<ul class=\"wp-block-list\">\n<li>N\u00e3o existe uma &#8220;nota de corte&#8221; universal<\/li>\n\n\n\n<li>A pontua\u00e7\u00e3o leva em conta n\u00e3o apenas o n\u00famero de acertos, mas a <strong>coer\u00eancia<\/strong> das respostas (padr\u00e3o de respostas)<\/li>\n\n\n\n<li>Quest\u00f5es mais dif\u00edceis valem mais pontos<\/li>\n\n\n\n<li>Chutes aleat\u00f3rios podem prejudicar a nota final<\/li>\n<\/ul>\n\n\n\n<p><\/p>\n\n\n\n<p><strong>Componentes da nota:<\/strong><\/p>\n\n\n\n<ol start=\"1\" class=\"wp-block-list\">\n<li><strong>Nota em Forma\u00e7\u00e3o Geral Docente<\/strong> (0 a 100)<\/li>\n\n\n\n<li><strong>Nota em Componente Espec\u00edfico<\/strong> (0 a 100)<\/li>\n\n\n\n<li><strong>Nota na Reda\u00e7\u00e3o\/Quest\u00e3o Discursiva<\/strong> (0 a 100)<\/li>\n\n\n\n<li><strong>Nota Final Geral<\/strong> (m\u00e9dia ponderada das tr\u00eas notas)<\/li>\n<\/ol>\n\n\n\n<h2 class=\"wp-block-heading\" id=\"h-como-os-entes-federativos-usam-a-pnd\"><strong>Como os entes federativos usam a PND<\/strong><\/h2>\n\n\n\n<p>Cada secretaria de educa\u00e7\u00e3o que aderiu \u00e0 PND define <strong>de forma aut\u00f4noma<\/strong> como utilizar\u00e1 os resultados. As possibilidades incluem:<\/p>\n\n\n\n<p><strong>1. Etapa classificat\u00f3ria:<\/strong> A nota da PND \u00e9 usada para classificar os candidatos. Quanto maior a nota, melhor a coloca\u00e7\u00e3o.<\/p>\n\n\n\n<p><strong>2. Etapa eliminat\u00f3ria:<\/strong> A nota da PND serve como nota de corte. Candidatos que n\u00e3o atingirem determinada pontua\u00e7\u00e3o s\u00e3o eliminados.<\/p>\n\n\n\n<p><strong>3. Etapa \u00fanica:<\/strong> A nota da PND \u00e9 o \u00fanico crit\u00e9rio de sele\u00e7\u00e3o (sem outras provas ou etapas).<\/p>\n\n\n\n<p><strong>4. Etapa complementar:<\/strong> A nota da PND \u00e9 somada a outras etapas (prova de t\u00edtulos, entrevista, prova pr\u00e1tica).<\/p>\n\n\n\n<p><strong>5. Desempate:<\/strong> A nota da PND \u00e9 usada apenas como crit\u00e9rio de desempate entre candidatos.<\/p>\n\n\n\n<p><strong>Exemplos pr\u00e1ticos (estados que divulgaram como v\u00e3o usar):<\/strong><\/p>\n\n\n\n<p><strong>Rio Grande do Sul:<\/strong> Utilizar\u00e1 a PND como crit\u00e9rio <strong>classificat\u00f3rio<\/strong> em processos seletivos simplificados para contrata\u00e7\u00e3o tempor\u00e1ria de professores.<\/p>\n\n\n\n<p><strong>S\u00e3o Paulo:<\/strong> Ainda avaliando o modelo, mas sinalizou que pode usar como <strong>etapa complementar<\/strong> em concursos p\u00fablicos.<\/p>\n\n\n\n<p><strong>Minas Gerais:<\/strong> Pretende usar como <strong>etapa \u00fanica<\/strong> em algumas sele\u00e7\u00f5es simplificadas para contratos tempor\u00e1rios.<\/p>\n\n\n\n<h2 class=\"wp-block-heading\" id=\"h-diferencas-entre-a-pnd-e-concursos-tradicionais\"><strong>Diferen\u00e7as entre a PND e concursos tradicionais<\/strong><\/h2>\n\n\n\n<p>A PND n\u00e3o \u00e9 um concurso tradicional com &#8220;decoreba&#8221; de conte\u00fados. A prova exige:<\/p>\n\n\n\n<ul class=\"wp-block-list\">\n<li><strong>Aplica\u00e7\u00e3o pr\u00e1tica<\/strong> de conhecimentos pedag\u00f3gicos<\/li>\n\n\n\n<li><strong>Resolu\u00e7\u00e3o de situa\u00e7\u00f5es-problema<\/strong> reais da sala de aula<\/li>\n\n\n\n<li><strong>An\u00e1lise de estudos de caso<\/strong> envolvendo dilemas pedag\u00f3gicos<\/li>\n\n\n\n<li><strong>Reflex\u00e3o cr\u00edtica<\/strong> sobre pr\u00e1ticas educacionais<\/li>\n<\/ul>\n\n\n\n<p><\/p>\n\n\n\n<p><strong>Exemplo de quest\u00e3o t\u00edpica:<\/strong><\/p>\n\n\n\n<p>&#8220;<em>Maria, professora do 3\u00ba ano do Ensino Fundamental, identificou que cinco alunos de sua turma apresentam dificuldades significativas no processo de alfabetiza\u00e7\u00e3o, enquanto outros dez j\u00e1 dominam a leitura e a escrita. Considerando os princ\u00edpios da educa\u00e7\u00e3o inclusiva e do ensino diferenciado, qual estrat\u00e9gia pedag\u00f3gica mais adequada?<\/em>&#8220;<\/p>\n\n\n\n<p>Essa quest\u00e3o exige conhecimento sobre:<\/p>\n\n\n\n<ul class=\"wp-block-list\">\n<li>Alfabetiza\u00e7\u00e3o e letramento<\/li>\n\n\n\n<li>Metodologias diferenciadas<\/li>\n\n\n\n<li>Inclus\u00e3o educacional<\/li>\n\n\n\n<li>Planejamento pedag\u00f3gico<\/li>\n<\/ul>\n\n\n\n<p><\/p>\n\n\n\n<p><strong>N\u00e3o basta saber teoria, \u00e9 preciso saber aplicar na pr\u00e1tica.<\/strong><\/p>\n\n\n\n<h2 class=\"wp-block-heading\" id=\"h-estrategia-de-estudo-para-a-pnd\"><strong>Estrat\u00e9gia de estudo para a PND<\/strong><\/h2>\n\n\n\n<p><strong>Fase 1 \u2014 Fundamentos Pedag\u00f3gicos (primeiros 2 meses):<\/strong><\/p>\n\n\n\n<p><strong>Foco em Forma\u00e7\u00e3o Geral Docente:<\/strong><\/p>\n\n\n\n<ul class=\"wp-block-list\">\n<li>Estude a LDB (Lei n\u00ba 9.394\/1996) completa<\/li>\n\n\n\n<li>Leia e compreenda a BNCC (Base Nacional Comum Curricular)<\/li>\n\n\n\n<li>Estude as DCNs (Diretrizes Curriculares Nacionais)<\/li>\n\n\n\n<li>Revise teorias de aprendizagem (Piaget, Vygotsky, Wallon, Ausubel)<\/li>\n\n\n\n<li>Estude did\u00e1tica geral e metodologias ativas<\/li>\n\n\n\n<li>Aprofunde-se em avalia\u00e7\u00e3o educacional<\/li>\n\n\n\n<li>Conhe\u00e7a a legisla\u00e7\u00e3o sobre inclus\u00e3o e diversidade<\/li>\n<\/ul>\n\n\n\n<p><\/p>\n\n\n\n<p><strong>Materiais recomendados:<\/strong><\/p>\n\n\n\n<ul class=\"wp-block-list\">\n<li>Legisla\u00e7\u00e3o educacional (LDB, PNE, BNCC, DCNs)<\/li>\n\n\n\n<li>Livros de fundamentos da educa\u00e7\u00e3o<\/li>\n\n\n\n<li>Apostilas de concursos para professores<\/li>\n\n\n\n<li>Videoaulas sobre teorias pedag\u00f3gicas<\/li>\n<\/ul>\n\n\n\n<p><\/p>\n\n\n\n<p><strong>Fase 2 \u2014 Conhecimentos Espec\u00edficos (meses 3 a 5):<\/strong><\/p>\n\n\n\n<p><strong>Foco no Componente Espec\u00edfico de sua \u00e1rea:<\/strong><\/p>\n\n\n\n<ul class=\"wp-block-list\">\n<li>Revise TODO o conte\u00fado da sua gradua\u00e7\u00e3o<\/li>\n\n\n\n<li>Estude as metodologias espec\u00edficas de ensino da sua disciplina<\/li>\n\n\n\n<li>Resolva quest\u00f5es de concursos anteriores na sua \u00e1rea<\/li>\n\n\n\n<li>Fa\u00e7a resumos e mapas mentais dos conte\u00fados principais<\/li>\n<\/ul>\n\n\n\n<p><\/p>\n\n\n\n<p><strong>Para Pedagogia:<\/strong><\/p>\n\n\n\n<ul class=\"wp-block-list\">\n<li>Metodologias de Alfabetiza\u00e7\u00e3o<\/li>\n\n\n\n<li>Educa\u00e7\u00e3o Infantil<\/li>\n\n\n\n<li>Metodologias dos Anos Iniciais (todas as disciplinas)<\/li>\n\n\n\n<li>Gest\u00e3o Escolar<\/li>\n<\/ul>\n\n\n\n<p><\/p>\n\n\n\n<p><strong>Para Matem\u00e1tica:<\/strong><\/p>\n\n\n\n<ul class=\"wp-block-list\">\n<li>\u00c1lgebra, Geometria, C\u00e1lculo<\/li>\n\n\n\n<li>Metodologia do Ensino de Matem\u00e1tica<\/li>\n\n\n\n<li>Resolu\u00e7\u00e3o de problemas<\/li>\n<\/ul>\n\n\n\n<p><\/p>\n\n\n\n<p><strong>Fase 3 \u2014 Quest\u00e3o Discursiva (\u00faltimos 2 meses):<\/strong><\/p>\n\n\n\n<p><strong>Treine reda\u00e7\u00e3o dissertativa:<\/strong><\/p>\n\n\n\n<ul class=\"wp-block-list\">\n<li>Escreva pelo menos <strong>2 reda\u00e7\u00f5es por semana<\/strong><\/li>\n\n\n\n<li>Temas: educa\u00e7\u00e3o, desafios da escola p\u00fablica, inclus\u00e3o, tecnologias educacionais<\/li>\n\n\n\n<li>Pratique escrita em <strong>30 linhas<\/strong> (padr\u00e3o da PND)<\/li>\n\n\n\n<li>Pe\u00e7a corre\u00e7\u00e3o de professores ou colegas<\/li>\n\n\n\n<li>Estude estrutura textual (introdu\u00e7\u00e3o, desenvolvimento, conclus\u00e3o)<\/li>\n<\/ul>\n\n\n\n<p><\/p>\n\n\n\n<p><strong>Fase 4 \u2014 Simulados e Revis\u00e3o (\u00faltimo m\u00eas):<\/strong><\/p>\n\n\n\n<p><strong>Simulados completos:<\/strong><\/p>\n\n\n\n<ul class=\"wp-block-list\">\n<li>Fa\u00e7a pelo menos <strong>4 simulados completos<\/strong> (80 quest\u00f5es + reda\u00e7\u00e3o em 5h30)<\/li>\n\n\n\n<li>Cronometre o tempo rigorosamente<\/li>\n\n\n\n<li>Analise seus erros<\/li>\n<\/ul>\n\n\n\n<p><\/p>\n\n\n\n<p><strong>Revis\u00e3o intensiva:<\/strong><\/p>\n\n\n\n<ul class=\"wp-block-list\">\n<li>Revise apenas resumos e mapas mentais<\/li>\n\n\n\n<li>Foque nos t\u00f3picos mais cobrados<\/li>\n\n\n\n<li>N\u00c3O estude conte\u00fado novo no \u00faltimo m\u00eas<\/li>\n<\/ul>\n\n\n\n<p><\/p>\n\n\n\n<p><strong>Cronograma semanal de estudos (6 meses de prepara\u00e7\u00e3o)<\/strong><\/p>\n\n\n\n<p><strong>Meses 1-2 (Fundamentos):<\/strong><\/p>\n\n\n\n<ul class=\"wp-block-list\">\n<li>Segunda a sexta: 3h por dia\n<ul class=\"wp-block-list\">\n<li>1h30: Legisla\u00e7\u00e3o educacional<\/li>\n\n\n\n<li>1h: Teorias da aprendizagem<\/li>\n\n\n\n<li>30min: Exerc\u00edcios<\/li>\n<\/ul>\n<\/li>\n\n\n\n<li>S\u00e1bado: 5h\n<ul class=\"wp-block-list\">\n<li>3h: Did\u00e1tica e metodologias<\/li>\n\n\n\n<li>2h: Revis\u00e3o<\/li>\n<\/ul>\n<\/li>\n\n\n\n<li>Domingo: 2h\n<ul class=\"wp-block-list\">\n<li>Videoaulas<\/li>\n\n\n\n<li>Leitura complementar<\/li>\n<\/ul>\n<\/li>\n<\/ul>\n\n\n\n<p><\/p>\n\n\n\n<p><strong>Meses 3-5 (Espec\u00edficos):<\/strong><\/p>\n\n\n\n<ul class=\"wp-block-list\">\n<li>Segunda a sexta: 4h por dia\n<ul class=\"wp-block-list\">\n<li>2h: Conte\u00fado espec\u00edfico<\/li>\n\n\n\n<li>1h: Metodologia da \u00e1rea<\/li>\n\n\n\n<li>1h: Exerc\u00edcios<\/li>\n<\/ul>\n<\/li>\n\n\n\n<li>S\u00e1bado: 6h\n<ul class=\"wp-block-list\">\n<li>4h: Aprofundamento<\/li>\n\n\n\n<li>2h: Simulados parciais<\/li>\n<\/ul>\n<\/li>\n\n\n\n<li>Domingo: 3h\n<ul class=\"wp-block-list\">\n<li>Revis\u00e3o<\/li>\n\n\n\n<li>Reda\u00e7\u00e3o<\/li>\n<\/ul>\n<\/li>\n<\/ul>\n\n\n\n<p><\/p>\n\n\n\n<p><strong>M\u00eas 6 (Reta final):<\/strong><\/p>\n\n\n\n<ul class=\"wp-block-list\">\n<li>Segunda a sexta: 5h por dia\n<ul class=\"wp-block-list\">\n<li>2h: Revis\u00e3o geral<\/li>\n\n\n\n<li>2h: Exerc\u00edcios<\/li>\n\n\n\n<li>1h: Reda\u00e7\u00e3o<\/li>\n<\/ul>\n<\/li>\n\n\n\n<li>S\u00e1bado: 8h\n<ul class=\"wp-block-list\">\n<li>Simulado completo<\/li>\n<\/ul>\n<\/li>\n\n\n\n<li>Domingo: 4h\n<ul class=\"wp-block-list\">\n<li>Corre\u00e7\u00e3o do simulado<\/li>\n\n\n\n<li>Revis\u00e3o de erros<\/li>\n<\/ul>\n<\/li>\n<\/ul>\n\n\n\n<h2 class=\"wp-block-heading\" id=\"h-programa-mais-professores-para-o-brasil-o-ecossistema-completo-de-valorizacao-docente\"><strong>Programa Mais Professores para o Brasil: o ecossistema completo de valoriza\u00e7\u00e3o docente<\/strong><\/h2>\n\n\n\n<p>A <a href=\"https:\/\/www.aprovaconcursos.com.br\/noticias\/pnd-lei-2026\/\" target=\"_blank\" rel=\"noreferrer noopener\"><strong>Prova Nacional Docente<\/strong><\/a> n\u00e3o existe isoladamente. Ela \u00e9 um dos pilares de uma pol\u00edtica p\u00fablica muito mais ampla chamada <strong>Programa Mais Professores para o Brasil<\/strong>, lan\u00e7ado pelo Governo Federal em janeiro de 2025 com o objetivo de atrair, formar, valorizar e fixar profissionais na carreira do magist\u00e9rio p\u00fablico brasileiro.<\/p>\n\n\n\n<p>O programa \u00e9 coordenado pelo Minist\u00e9rio da Educa\u00e7\u00e3o em parceria com o Minist\u00e9rio da Gest\u00e3o e da Inova\u00e7\u00e3o em Servi\u00e7os P\u00fablicos e contempla um conjunto de a\u00e7\u00f5es integradas que v\u00e3o desde a forma\u00e7\u00e3o inicial nas licenciaturas at\u00e9 a perman\u00eancia e progress\u00e3o na carreira docente.<\/p>\n\n\n\n<p><strong>Os cinco eixos do Programa Mais Professores<\/strong><\/p>\n\n\n\n<p><strong>Eixo 1 \u2014 Bolsa Mais Professores (incentivo financeiro para licenciandos)<\/strong><\/p>\n\n\n\n<p>A Bolsa Mais Professores \u00e9 um aux\u00edlio financeiro mensal de <strong>R$ 700,00<\/strong> destinado a estudantes de licenciatura matriculados em institui\u00e7\u00f5es p\u00fablicas de ensino superior que atuem como monitores em escolas p\u00fablicas de educa\u00e7\u00e3o b\u00e1sica.<\/p>\n\n\n\n<p><strong>Objetivos:<\/strong><\/p>\n\n\n\n<ul class=\"wp-block-list\">\n<li>Proporcionar experi\u00eancia pr\u00e1tica de sala de aula desde o in\u00edcio do curso<\/li>\n\n\n\n<li>Complementar renda dos estudantes de licenciatura (reduzindo evas\u00e3o)<\/li>\n\n\n\n<li>Aproximar universidade e escola b\u00e1sica<\/li>\n\n\n\n<li>Criar v\u00ednculo afetivo com a profiss\u00e3o docente<\/li>\n<\/ul>\n\n\n\n<p><\/p>\n\n\n\n<p><strong>Requisitos para receber:<\/strong><\/p>\n\n\n\n<ul class=\"wp-block-list\">\n<li>Estar matriculado em curso de licenciatura em institui\u00e7\u00e3o p\u00fablica<\/li>\n\n\n\n<li>Aceitar atuar como monitor em escola p\u00fablica (m\u00ednimo 8h semanais)<\/li>\n\n\n\n<li>Manter desempenho acad\u00eamico adequado (n\u00e3o reprovar disciplinas)<\/li>\n\n\n\n<li>Dura\u00e7\u00e3o: at\u00e9 24 meses (podendo ser renovada)<\/li>\n<\/ul>\n\n\n\n<p><\/p>\n\n\n\n<p><strong>Eixo 2 \u2014 P\u00e9-de-Meia Licenciaturas (poupan\u00e7a estudantil)<\/strong><\/p>\n\n\n\n<p>Inspirado no P\u00e9-de-Meia do Ensino M\u00e9dio, este programa deposita valores em poupan\u00e7a bloqueada para estudantes de licenciatura que cumprirem determinadas metas acad\u00eamicas:<\/p>\n\n\n\n<ul class=\"wp-block-list\">\n<li><strong>R$ 200,00<\/strong> por matr\u00edcula confirmada (in\u00edcio de cada ano letivo)<\/li>\n\n\n\n<li><strong>R$ 1.800,00<\/strong> ao concluir o curso de licenciatura<\/li>\n\n\n\n<li><strong>B\u00f4nus de R$ 1.000,00<\/strong> se fizer a PND ao concluir o curso<\/li>\n<\/ul>\n\n\n\n<p><\/p>\n\n\n\n<p><strong>Total acumulado:<\/strong> at\u00e9 R$ 4.200,00 ao longo da gradua\u00e7\u00e3o<\/p>\n\n\n\n<p><strong>Eixo 3 \u2014 Prova Nacional Docente (sele\u00e7\u00e3o padronizada)<\/strong><\/p>\n\n\n\n<p>Como j\u00e1 detalhado, a PND \u00e9 o instrumento unificado de avalia\u00e7\u00e3o que facilita o acesso de licenciados ao magist\u00e9rio p\u00fablico.<\/p>\n\n\n\n<p><strong>Eixo 4 \u2014 Resid\u00eancia Pedag\u00f3gica Ampliada<\/strong><\/p>\n\n\n\n<p>Expans\u00e3o do Programa Resid\u00eancia Pedag\u00f3gica (PRP) para alcan\u00e7ar <strong>200 mil bolsistas<\/strong> em todo o Brasil, garantindo que todos os licenciandos tenham experi\u00eancia de imers\u00e3o pr\u00e1tica em escolas p\u00fablicas durante a gradua\u00e7\u00e3o.<\/p>\n\n\n\n<p><strong>Bolsa:<\/strong> R$ 700,00\/m\u00eas durante 18 meses <strong>Carga hor\u00e1ria:<\/strong> 440 horas de atividades pr\u00e1ticas na escola<\/p>\n\n\n\n<p><strong>Eixo 5 \u2014 Valoriza\u00e7\u00e3o e Progress\u00e3o na Carreira<\/strong><\/p>\n\n\n\n<ul class=\"wp-block-list\">\n<li>Apoio financeiro aos entes federativos para <strong>estrutura\u00e7\u00e3o de planos de carreira<\/strong> docente<\/li>\n\n\n\n<li>Incentivo \u00e0 cria\u00e7\u00e3o de <strong>progress\u00f5es horizontais e verticais<\/strong> com base em forma\u00e7\u00e3o continuada e desempenho<\/li>\n\n\n\n<li>Programas de <strong>forma\u00e7\u00e3o continuada gratuita<\/strong> para professores em exerc\u00edcio<\/li>\n\n\n\n<li>Cria\u00e7\u00e3o do <strong>Pr\u00eamio Nacional de Boas Pr\u00e1ticas Docentes<\/strong><\/li>\n<\/ul>\n\n\n\n<h2 class=\"wp-block-heading\" id=\"h-comparativo-completo-entre-as-17-areas-de-licenciatura-da-pnd\"><strong>Comparativo completo entre as 17 \u00e1reas de licenciatura da PND<\/strong><\/h2>\n\n\n\n<p>Entender profundamente as diferen\u00e7as entre as \u00e1reas \u00e9 fundamental para tomar decis\u00f5es estrat\u00e9gicas sobre qual licenciatura cursar ou prestar concurso.<\/p>\n\n\n\n<p><strong>Tabela comparativa massiva<\/strong><\/p>\n\n\n\n<figure class=\"wp-block-table\"><table class=\"has-fixed-layout\"><thead><tr><td><strong>Aspecto<\/strong><\/td><td><strong>Pedagogia<\/strong><\/td><td><strong>Matem\u00e1tica<\/strong><\/td><td><strong>Letras-Portugu\u00eas<\/strong><\/td><td><strong>Ci\u00eancias Biol\u00f3gicas<\/strong><\/td><td><strong>Educa\u00e7\u00e3o F\u00edsica<\/strong><\/td><\/tr><\/thead><tbody><tr><td><strong>Inscritos PND 2025<\/strong><\/td><td>560.576 (51,6%)<\/td><td>72.530<\/td><td>73.187<\/td><td>N\u00e3o divulgado<\/td><td>65.911<\/td><\/tr><tr><td><strong>Concorr\u00eancia<\/strong><\/td><td>Alt\u00edssima<\/td><td>Alta<\/td><td>Alta<\/td><td>Alta<\/td><td>Muito alta<\/td><\/tr><tr><td><strong>D\u00e9ficit de professores<\/strong><\/td><td>Baixo (\u00e1rea saturada)<\/td><td>Alt\u00edssimo (escassez cr\u00edtica)<\/td><td>M\u00e9dio<\/td><td>Alto<\/td><td>Baixo<\/td><\/tr><tr><td><strong>Facilidade de emprego<\/strong><\/td><td>M\u00e9dia (muita concorr\u00eancia)<\/td><td>Muito alta (faltam professores)<\/td><td>M\u00e9dia<\/td><td>Alta<\/td><td>Baixa (\u00e1rea saturada)<\/td><\/tr><tr><td><strong>Onde atua<\/strong><\/td><td>Ed. Infantil + Anos Iniciais<\/td><td>Anos Finais + Ensino M\u00e9dio<\/td><td>Anos Finais + Ensino M\u00e9dio<\/td><td>Anos Finais + Ensino M\u00e9dio<\/td><td>Todos os n\u00edveis<\/td><\/tr><tr><td><strong>Carga hor\u00e1ria semanal<\/strong><\/td><td>25h (Ed. Infantil) a 40h<\/td><td>Geralmente 40h<\/td><td>Geralmente 40h<\/td><td>Geralmente 40h<\/td><td>Geralmente 40h<\/td><\/tr><tr><td><strong>Sal\u00e1rio m\u00e9dio inicial<\/strong><\/td><td>R$ 3.800 a R$ 5.200<\/td><td>R$ 4.200 a R$ 6.000<\/td><td>R$ 4.000 a R$ 5.500<\/td><td>R$ 4.200 a R$ 5.800<\/td><td>R$ 3.500 a R$ 5.000<\/td><\/tr><tr><td><strong>Progress\u00e3o salarial<\/strong><\/td><td>R$ 6.000 a R$ 11.000<\/td><td>R$ 7.000 a R$ 14.000<\/td><td>R$ 6.500 a R$ 12.000<\/td><td>R$ 7.000 a R$ 13.000<\/td><td>R$ 5.500 a R$ 10.000<\/td><\/tr><tr><td><strong>Desgaste f\u00edsico<\/strong><\/td><td>Alto (crian\u00e7as pequenas)<\/td><td>Baixo<\/td><td>Baixo<\/td><td>M\u00e9dio (laborat\u00f3rios)<\/td><td>Muito alto<\/td><\/tr><tr><td><strong>Desgaste mental<\/strong><\/td><td>Muito alto (indisciplina infantil)<\/td><td>Alto (conte\u00fado complexo)<\/td><td>Alto (corre\u00e7\u00e3o de reda\u00e7\u00f5es)<\/td><td>Alto<\/td><td>Alto (turmas agitadas)<\/td><\/tr><tr><td><strong>Complexidade do conte\u00fado<\/strong><\/td><td>M\u00e9dia<\/td><td>Muito alta<\/td><td>Alta<\/td><td>Muito alta<\/td><td>M\u00e9dia<\/td><\/tr><tr><td><strong>Dificuldade da gradua\u00e7\u00e3o<\/strong><\/td><td>M\u00e9dia<\/td><td>Muito alta<\/td><td>Alta<\/td><td>Alta<\/td><td>M\u00e9dia<\/td><\/tr><tr><td><strong>Mercado privado<\/strong><\/td><td>Bom (escolas particulares)<\/td><td>Excelente (cursinhos)<\/td><td>Bom<\/td><td>Bom (cursinhos)<\/td><td>M\u00e9dio<\/td><\/tr><tr><td><strong>Possibilidade de aulas particulares<\/strong><\/td><td>Baixa<\/td><td>Muito alta<\/td><td>M\u00e9dia<\/td><td>M\u00e9dia<\/td><td>Baixa<\/td><\/tr><tr><td><strong>Concursos federais<\/strong><\/td><td>IFES (cargos administrativos)<\/td><td>IFs e Universidades<\/td><td>IFES<\/td><td>IFs e Universidades<\/td><td>IFs<\/td><\/tr><tr><td><strong>Necessidade de atualiza\u00e7\u00e3o<\/strong><\/td><td>Alta (m\u00e9todos pedag\u00f3gicos)<\/td><td>M\u00e9dia<\/td><td>M\u00e9dia<\/td><td>Alta (ci\u00eancia)<\/td><td>M\u00e9dia<\/td><\/tr><tr><td><strong>Perfil ideal<\/strong><\/td><td>Paciente, afetuoso, organizado<\/td><td>L\u00f3gico, anal\u00edtico, resiliente<\/td><td>Comunicativo, culto, leitor<\/td><td>Curioso, observador, cient\u00edfico<\/td><td>Din\u00e2mico, esportivo, ativo<\/td><\/tr><\/tbody><\/table><\/figure>\n\n\n\n<p><strong>Vantagens e desvantagens por \u00e1rea selecionada<\/strong><\/p>\n\n\n\n<p><strong>PEDAGOGIA:<\/strong><\/p>\n\n\n\n<p><strong>Vantagens:<\/strong><\/p>\n\n\n\n<ul class=\"wp-block-list\">\n<li>Maior amplitude de atua\u00e7\u00e3o (Ed. Infantil, Anos Iniciais, Gest\u00e3o)<\/li>\n\n\n\n<li>Possibilidade de atuar em espa\u00e7os n\u00e3o escolares (empresas, ONGs, hospitais)<\/li>\n\n\n\n<li>Forma\u00e7\u00e3o generalista permite versatilidade<\/li>\n\n\n\n<li>Carga hor\u00e1ria menor em educa\u00e7\u00e3o infantil (25h semanais em algumas redes)<\/li>\n\n\n\n<li>Relacionamento afetivo forte com crian\u00e7as pequenas<\/li>\n<\/ul>\n\n\n\n<p><\/p>\n\n\n\n<p><strong>Desvantagens:<\/strong><\/p>\n\n\n\n<ul class=\"wp-block-list\">\n<li>\u00c1rea muito saturada (560 mil inscritos na PND!)<\/li>\n\n\n\n<li>Concorr\u00eancia alt\u00edssima em concursos<\/li>\n\n\n\n<li>Trabalho com crian\u00e7as pequenas \u00e9 f\u00edsica e emocionalmente desgastante<\/li>\n\n\n\n<li>Sal\u00e1rio inicial tende a ser menor que \u00e1reas com d\u00e9ficit<\/li>\n\n\n\n<li>Indisciplina infantil crescente<\/li>\n<\/ul>\n\n\n\n<p><\/p>\n\n\n\n<p><strong>MATEM\u00c1TICA:<\/strong><\/p>\n\n\n\n<p><strong>Vantagens:<\/strong><\/p>\n\n\n\n<ul class=\"wp-block-list\">\n<li><strong>D\u00e9ficit cr\u00edtico de professores<\/strong> (facilidade extrema de emprego)<\/li>\n\n\n\n<li>Sal\u00e1rios superiores devido \u00e0 escassez<\/li>\n\n\n\n<li>Possibilidade de aulas particulares muito rent\u00e1vel<\/li>\n\n\n\n<li>Mercado de cursinhos pr\u00e9-vestibulares valoriza muito<\/li>\n\n\n\n<li>Menos concorr\u00eancia em concursos<\/li>\n<\/ul>\n\n\n\n<p><\/p>\n\n\n\n<p><strong>Desvantagens:<\/strong><\/p>\n\n\n\n<ul class=\"wp-block-list\">\n<li>Conte\u00fado extremamente dif\u00edcil (C\u00e1lculo, \u00c1lgebra Abstrata)<\/li>\n\n\n\n<li>Alta taxa de desist\u00eancia e reprova\u00e7\u00e3o na gradua\u00e7\u00e3o<\/li>\n\n\n\n<li>Press\u00e3o para alunos passarem em vestibular<\/li>\n\n\n\n<li>Estigma de &#8220;mat\u00e9ria dif\u00edcil&#8221; cria resist\u00eancia dos alunos<\/li>\n\n\n\n<li>Necessita dom\u00ednio profundo de conte\u00fado complexo<\/li>\n<\/ul>\n\n\n\n<p><\/p>\n\n\n\n<p><strong>LETRAS-PORTUGU\u00caS:<\/strong><\/p>\n\n\n\n<p><strong>Vantagens:<\/strong><\/p>\n\n\n\n<ul class=\"wp-block-list\">\n<li>Gradua\u00e7\u00e3o relativamente mais acess\u00edvel que exatas<\/li>\n\n\n\n<li>Versatilidade (pode dar aulas de Portugu\u00eas E Literatura)<\/li>\n\n\n\n<li>Mercado de revis\u00e3o de textos como renda extra<\/li>\n\n\n\n<li>Possibilidade de escrita freelance<\/li>\n\n\n\n<li>Conte\u00fado culturalmente enriquecedor<\/li>\n<\/ul>\n\n\n\n<p><\/p>\n\n\n\n<p><strong>Desvantagens:<\/strong><\/p>\n\n\n\n<ul class=\"wp-block-list\">\n<li>Volume enorme de corre\u00e7\u00e3o de reda\u00e7\u00f5es (trabalho em casa)<\/li>\n\n\n\n<li>Press\u00e3o por resultados no Enem (reda\u00e7\u00e3o vale muito)<\/li>\n\n\n\n<li>Alunos geralmente n\u00e3o gostam de gram\u00e1tica<\/li>\n\n\n\n<li>Concorr\u00eancia significativa<\/li>\n\n\n\n<li>Carga de trabalho extraclasse muito alta<\/li>\n<\/ul>\n\n\n\n<p><\/p>\n\n\n\n<p><strong>EDUCA\u00c7\u00c3O F\u00cdSICA:<\/strong><\/p>\n\n\n\n<p><strong>Vantagens:<\/strong><\/p>\n\n\n\n<ul class=\"wp-block-list\">\n<li>Trabalho din\u00e2mico e movimentado<\/li>\n\n\n\n<li>Atividades ao ar livre<\/li>\n\n\n\n<li>Relacionamento descontra\u00eddo com alunos<\/li>\n\n\n\n<li>Possibilidade de trabalho paralelo (personal trainer, academias)<\/li>\n<\/ul>\n\n\n\n<p><\/p>\n\n\n\n<p><strong>Desvantagens:<\/strong><\/p>\n\n\n\n<ul class=\"wp-block-list\">\n<li>\u00c1rea extremamente saturada (65 mil inscritos na PND)<\/li>\n\n\n\n<li>Sal\u00e1rios tendem a ser mais baixos<\/li>\n\n\n\n<li>Desgaste f\u00edsico muito alto (ficar em p\u00e9 o dia todo)<\/li>\n\n\n\n<li>Exposi\u00e7\u00e3o ao sol\/chuva\/frio<\/li>\n\n\n\n<li>Desvaloriza\u00e7\u00e3o da disciplina (&#8220;aula de Educa\u00e7\u00e3o F\u00edsica n\u00e3o reprova&#8221;)<\/li>\n<\/ul>\n\n\n\n<p><\/p>\n\n\n\n<p><strong>CI\u00caNCIAS BIOL\u00d3GICAS:<\/strong><\/p>\n\n\n\n<p><strong>Vantagens:<\/strong><\/p>\n\n\n\n<ul class=\"wp-block-list\">\n<li>D\u00e9ficit significativo de professores<\/li>\n\n\n\n<li>Conte\u00fado fascinante e em constante evolu\u00e7\u00e3o<\/li>\n\n\n\n<li>Possibilidade de aulas pr\u00e1ticas e experimentais<\/li>\n\n\n\n<li>Mercado de cursinhos valoriza<\/li>\n<\/ul>\n\n\n\n<p><\/p>\n\n\n\n<p><strong>Desvantagens:<\/strong><\/p>\n\n\n\n<ul class=\"wp-block-list\">\n<li>Necessidade de laborat\u00f3rios (escolas p\u00fablicas raramente t\u00eam)<\/li>\n\n\n\n<li>Conte\u00fado extenso e complexo<\/li>\n\n\n\n<li>Press\u00e3o do Enem (Biologia cai muito)<\/li>\n\n\n\n<li>Gradua\u00e7\u00e3o exigente<\/li>\n<\/ul>\n\n\n\n<h2 class=\"wp-block-heading\" id=\"h-salarios-de-professores-analise-completa-por-estado-e-carreira\"><strong>Sal\u00e1rios de professores: an\u00e1lise completa por estado e carreira<\/strong><\/h2>\n\n\n\n<p><strong>Piso salarial nacional e estadual<\/strong><\/p>\n\n\n\n<p><strong>Piso Nacional do Magist\u00e9rio (Lei n\u00ba 11.738\/2008):<\/strong><\/p>\n\n\n\n<ul class=\"wp-block-list\">\n<li>Valor em 2025: <strong>R$ 4.580,57<\/strong> para jornada de 40 horas semanais<\/li>\n\n\n\n<li>Atualiza\u00e7\u00e3o anual obrigat\u00f3ria conforme FUNDEB<\/li>\n\n\n\n<li><strong>IMPORTANTE:<\/strong> Este \u00e9 o sal\u00e1rio M\u00cdNIMO que estados e munic\u00edpios devem pagar. Muitas redes pagam acima disso.<\/li>\n<\/ul>\n\n\n\n<p><\/p>\n\n\n\n<p><strong>Sal\u00e1rios iniciais por estado (professor n\u00edvel superior &#8211; 40h semanais)<\/strong><\/p>\n\n\n\n<p><strong>Top 10 estados que mais pagam professores (rede estadual):<\/strong><\/p>\n\n\n\n<ol start=\"1\" class=\"wp-block-list\">\n<li><strong>Distrito Federal:<\/strong> R$ 8.200,00 a R$ 9.500,00 (inicial)<\/li>\n\n\n\n<li><strong>Roraima:<\/strong> R$ 7.800,00 a R$ 8.200,00<\/li>\n\n\n\n<li><strong>Amap\u00e1:<\/strong> R$ 7.500,00 a R$ 8.000,00<\/li>\n\n\n\n<li><strong>S\u00e3o Paulo:<\/strong> R$ 6.200,00 a R$ 7.500,00 (varia por regi\u00e3o)<\/li>\n\n\n\n<li><strong>Rio de Janeiro:<\/strong> R$ 5.800,00 a R$ 7.000,00<\/li>\n\n\n\n<li><strong>Esp\u00edrito Santo:<\/strong> R$ 5.500,00 a R$ 6.800,00<\/li>\n\n\n\n<li><strong>Santa Catarina:<\/strong> R$ 5.200,00 a R$ 6.500,00<\/li>\n\n\n\n<li><strong>Rio Grande do Sul:<\/strong> R$ 5.000,00 a R$ 6.200,00<\/li>\n\n\n\n<li><strong>Paran\u00e1:<\/strong> R$ 4.900,00 a R$ 6.000,00<\/li>\n\n\n\n<li><strong>Minas Gerais:<\/strong> R$ 4.800,00 a R$ 5.800,00<\/li>\n<\/ol>\n\n\n\n<p><\/p>\n\n\n\n<p><strong>Estados com sal\u00e1rios no piso ou pr\u00f3ximos:<\/strong><\/p>\n\n\n\n<ul class=\"wp-block-list\">\n<li>Bahia, Cear\u00e1, Pernambuco, Maranh\u00e3o, Piau\u00ed: R$ 4.580,00 a R$ 5.200,00<\/li>\n<\/ul>\n\n\n\n<p><\/p>\n\n\n\n<p><strong>Progress\u00e3o salarial: do in\u00edcio ao topo da carreira<\/strong><\/p>\n\n\n\n<p><strong>Exemplo: Rede Estadual de S\u00e3o Paulo<\/strong><\/p>\n\n\n\n<figure class=\"wp-block-table\"><table class=\"has-fixed-layout\"><thead><tr><td><strong>N\u00edvel<\/strong><\/td><td><strong>Tempo de carreira<\/strong><\/td><td><strong>Sal\u00e1rio (40h)<\/strong><\/td><\/tr><\/thead><tbody><tr><td><strong>Inicial<\/strong><\/td><td>0 anos<\/td><td>R$ 6.200,00<\/td><\/tr><tr><td><strong>N\u00edvel II<\/strong><\/td><td>3 anos<\/td><td>R$ 7.400,00<\/td><\/tr><tr><td><strong>N\u00edvel III<\/strong><\/td><td>6 anos<\/td><td>R$ 8.800,00<\/td><\/tr><tr><td><strong>N\u00edvel IV<\/strong><\/td><td>9 anos<\/td><td>R$ 10.500,00<\/td><\/tr><tr><td><strong>N\u00edvel V<\/strong><\/td><td>12 anos<\/td><td>R$ 12.200,00<\/td><\/tr><tr><td><strong>N\u00edvel VI<\/strong><\/td><td>15 anos<\/td><td>R$ 14.000,00<\/td><\/tr><\/tbody><\/table><\/figure>\n\n\n\n<p><strong>Exemplo: Rede Municipal de S\u00e3o Paulo (capital)<\/strong><\/p>\n\n\n\n<figure class=\"wp-block-table\"><table class=\"has-fixed-layout\"><thead><tr><td><strong>N\u00edvel<\/strong><\/td><td><strong>Tempo de carreira<\/strong><\/td><td><strong>Sal\u00e1rio (40h)<\/strong><\/td><\/tr><\/thead><tbody><tr><td><strong>Inicial<\/strong><\/td><td>0 anos<\/td><td>R$ 7.500,00<\/td><\/tr><tr><td><strong>Intermedi\u00e1rio<\/strong><\/td><td>5 anos<\/td><td>R$ 9.200,00<\/td><\/tr><tr><td><strong>Final<\/strong><\/td><td>10 anos<\/td><td>R$ 11.500,00<\/td><\/tr><\/tbody><\/table><\/figure>\n\n\n\n<p><strong>Diferen\u00e7a salarial: rede municipal x estadual<\/strong><\/p>\n\n\n\n<p><strong>Capitais geralmente pagam mais que estado:<\/strong><\/p>\n\n\n\n<ul class=\"wp-block-list\">\n<li><strong>S\u00e3o Paulo (capital):<\/strong> R$ 7.500,00 vs Estado: R$ 6.200,00<\/li>\n\n\n\n<li><strong>Rio de Janeiro (capital):<\/strong> R$ 6.800,00 vs Estado: R$ 5.800,00<\/li>\n\n\n\n<li><strong>Belo Horizonte:<\/strong> R$ 6.200,00 vs Estado MG: R$ 4.800,00<\/li>\n\n\n\n<li><strong>Curitiba:<\/strong> R$ 6.500,00 vs Estado PR: R$ 4.900,00<\/li>\n<\/ul>\n\n\n\n<p><\/p>\n\n\n\n<p><strong>Por que capitais pagam mais?<\/strong><\/p>\n\n\n\n<ul class=\"wp-block-list\">\n<li>Custo de vida mais alto<\/li>\n\n\n\n<li>Arrecada\u00e7\u00e3o municipal superior<\/li>\n\n\n\n<li>Sindicatos mais fortes<\/li>\n\n\n\n<li>Maior press\u00e3o pol\u00edtica<\/li>\n<\/ul>\n\n\n\n<p><\/p>\n\n\n\n<p><strong>Total Cash anual: quanto um professor REALMENTE recebe<\/strong><\/p>\n\n\n\n<p><strong>Componentes da remunera\u00e7\u00e3o docente:<\/strong><\/p>\n\n\n\n<ol start=\"1\" class=\"wp-block-list\">\n<li>Sal\u00e1rio base mensal (12 meses)<\/li>\n\n\n\n<li>13\u00ba sal\u00e1rio<\/li>\n\n\n\n<li>F\u00e9rias + 1\/3 constitucional<\/li>\n\n\n\n<li>Adicional por titula\u00e7\u00e3o (especializa\u00e7\u00e3o, mestrado, doutorado)<\/li>\n\n\n\n<li>Adicional por tempo de servi\u00e7o (quinqu\u00eanios ou tri\u00eanios)<\/li>\n\n\n\n<li>Gratifica\u00e7\u00e3o de reg\u00eancia de classe<\/li>\n\n\n\n<li>Vale-alimenta\u00e7\u00e3o\/refei\u00e7\u00e3o<\/li>\n\n\n\n<li>Vale-transporte<\/li>\n\n\n\n<li>Aux\u00edlio-sa\u00fade (quando aplic\u00e1vel)<\/li>\n\n\n\n<li>Licen\u00e7a-pr\u00eamio convertida em dinheiro (quando n\u00e3o usada)<\/li>\n<\/ol>\n\n\n\n<p><\/p>\n\n\n\n<p><strong>Exemplo: Professor N\u00edvel II em S\u00e3o Paulo (5 anos de carreira, especializa\u00e7\u00e3o)<\/strong><\/p>\n\n\n\n<ol start=\"1\" class=\"wp-block-list\">\n<li>Sal\u00e1rio base (12 meses): R$ 7.400,00 x 12 = R$ 88.800,00<\/li>\n\n\n\n<li>13\u00ba sal\u00e1rio: R$ 7.400,00<\/li>\n\n\n\n<li>F\u00e9rias + 1\/3: R$ 9.866,67<\/li>\n\n\n\n<li>Adicional especializa\u00e7\u00e3o (10%): R$ 8.880,00\/ano<\/li>\n\n\n\n<li>Quinqu\u00eanio (5%): R$ 4.440,00\/ano<\/li>\n\n\n\n<li>Gratifica\u00e7\u00e3o reg\u00eancia: ~R$ 1.110,00\/m\u00eas x 12 = R$ 13.320,00<\/li>\n\n\n\n<li>Vale-alimenta\u00e7\u00e3o: R$ 600,00 x 12 = R$ 7.200,00<\/li>\n<\/ol>\n\n\n\n<p><\/p>\n\n\n\n<p><strong>TOTAL CASH ANUAL:<\/strong> R$ 140.506,67<\/p>\n\n\n\n<p><strong>Sal\u00e1rio m\u00e9dio mensal efetivo:<\/strong> R$ 11.708,89<\/p>\n\n\n\n<h2 class=\"wp-block-heading\" id=\"h-rotina-de-trabalho-do-professor-o-dia-a-dia-em-diferentes-niveis-de-ensino\"><strong>Rotina de trabalho do professor: o dia a dia em diferentes n\u00edveis de ensino<\/strong><\/h2>\n\n\n\n<p><strong>Rotina do Professor da Educa\u00e7\u00e3o Infantil (creche e pr\u00e9-escola)<\/strong><\/p>\n\n\n\n<p><strong>Jornada:<\/strong> Geralmente 25 a 30 horas semanais<\/p>\n\n\n\n<p><strong>Dia t\u00edpico (turno da manh\u00e3 &#8211; creche):<\/strong><\/p>\n\n\n\n<p><strong>06h30 &#8211; Chegada \u00e0 escola:<\/strong><\/p>\n\n\n\n<ul class=\"wp-block-list\">\n<li>Prepara\u00e7\u00e3o da sala (organiza\u00e7\u00e3o de brinquedos, materiais)<\/li>\n\n\n\n<li>Verifica\u00e7\u00e3o do planejamento do dia<\/li>\n<\/ul>\n\n\n\n<p><\/p>\n\n\n\n<p><strong>07h00 &#8211; Recep\u00e7\u00e3o das crian\u00e7as:<\/strong><\/p>\n\n\n\n<ul class=\"wp-block-list\">\n<li>Acolhida individualizada de cada crian\u00e7a<\/li>\n\n\n\n<li>Conversa com pais\/respons\u00e1veis sobre rotina da crian\u00e7a<\/li>\n\n\n\n<li>Observa\u00e7\u00e3o de sinais de sa\u00fade, humor, sono<\/li>\n<\/ul>\n\n\n\n<p><\/p>\n\n\n\n<p><strong>07h30 &#8211; Roda inicial (rodinha):<\/strong><\/p>\n\n\n\n<ul class=\"wp-block-list\">\n<li>M\u00fasica de bom dia<\/li>\n\n\n\n<li>Chamada interativa<\/li>\n\n\n\n<li>Conversa sobre o dia (clima, calend\u00e1rio, novidades)<\/li>\n\n\n\n<li>Combinados do dia<\/li>\n<\/ul>\n\n\n\n<p><\/p>\n\n\n\n<p><strong>08h00 &#8211; Atividade dirigida:<\/strong><\/p>\n\n\n\n<ul class=\"wp-block-list\">\n<li>Atividade planejada (artes, conta\u00e7\u00e3o de hist\u00f3ria, m\u00fasica, movimento)<\/li>\n\n\n\n<li>Desenvolvimento de habilidades espec\u00edficas conforme BNCC<\/li>\n\n\n\n<li>Registro fotogr\u00e1fico para portf\u00f3lio<\/li>\n<\/ul>\n\n\n\n<p><\/p>\n\n\n\n<p><strong>09h00 &#8211; Lanche coletivo:<\/strong><\/p>\n\n\n\n<ul class=\"wp-block-list\">\n<li>Organiza\u00e7\u00e3o do lanche (higiene das m\u00e3os)<\/li>\n\n\n\n<li>Momento educativo (autonomia, socializa\u00e7\u00e3o)<\/li>\n\n\n\n<li>Incentivo a h\u00e1bitos alimentares saud\u00e1veis<\/li>\n<\/ul>\n\n\n\n<p><\/p>\n\n\n\n<p><strong>09h30 &#8211; Parque ou atividade livre:<\/strong><\/p>\n\n\n\n<ul class=\"wp-block-list\">\n<li>Brincadeiras ao ar livre (quando poss\u00edvel)<\/li>\n\n\n\n<li>Observa\u00e7\u00e3o das intera\u00e7\u00f5es entre as crian\u00e7as<\/li>\n\n\n\n<li>Media\u00e7\u00e3o de conflitos<\/li>\n<\/ul>\n\n\n\n<p><\/p>\n\n\n\n<p><strong>10h30 &#8211; Higiene e troca de fraldas:<\/strong><\/p>\n\n\n\n<ul class=\"wp-block-list\">\n<li>Troca individual (beb\u00eas)<\/li>\n\n\n\n<li>Uso do banheiro (crian\u00e7as maiores)<\/li>\n<\/ul>\n\n\n\n<p><\/p>\n\n\n\n<p><strong>11h00 &#8211; Atividade de relaxamento:<\/strong><\/p>\n\n\n\n<ul class=\"wp-block-list\">\n<li>M\u00fasica suave, massagem, hist\u00f3ria calma<\/li>\n\n\n\n<li>Prepara\u00e7\u00e3o para almo\u00e7o\/repouso<\/li>\n<\/ul>\n\n\n\n<p><\/p>\n\n\n\n<p><strong>11h30 &#8211; Almo\u00e7o:<\/strong><\/p>\n\n\n\n<ul class=\"wp-block-list\">\n<li>Supervis\u00e3o da alimenta\u00e7\u00e3o<\/li>\n\n\n\n<li>Educa\u00e7\u00e3o alimentar<\/li>\n<\/ul>\n\n\n\n<p><\/p>\n\n\n\n<p><strong>12h00 &#8211; Repouso (soneca):<\/strong><\/p>\n\n\n\n<ul class=\"wp-block-list\">\n<li>Organiza\u00e7\u00e3o dos colchonetes<\/li>\n\n\n\n<li>Acompanhamento do sono<\/li>\n<\/ul>\n\n\n\n<p><\/p>\n\n\n\n<p><strong>13h00 &#8211; Planejamento e registros:<\/strong><\/p>\n\n\n\n<ul class=\"wp-block-list\">\n<li>Preenchimento de di\u00e1rios de bordo<\/li>\n\n\n\n<li>Planejamento do dia seguinte<\/li>\n\n\n\n<li>Reuni\u00f5es pedag\u00f3gicas (quando agendadas)<\/li>\n<\/ul>\n\n\n\n<p><\/p>\n\n\n\n<p><strong>Desafios:<\/strong><\/p>\n\n\n\n<ul class=\"wp-block-list\">\n<li>Desgaste f\u00edsico extremo (pegar crian\u00e7as no colo, agachar constantemente)<\/li>\n\n\n\n<li>Carga emocional (lidar com choro, birras, separa\u00e7\u00e3o dos pais)<\/li>\n\n\n\n<li>Responsabilidade enorme (sa\u00fade e seguran\u00e7a de beb\u00eas\/crian\u00e7as pequenas)<\/li>\n\n\n\n<li>Pouca valoriza\u00e7\u00e3o (&#8220;parece bab\u00e1&#8221;)<\/li>\n<\/ul>\n\n\n\n<p><\/p>\n\n\n\n<p><strong>Aspectos positivos:<\/strong><\/p>\n\n\n\n<ul class=\"wp-block-list\">\n<li>V\u00ednculo afetivo profundo com as crian\u00e7as<\/li>\n\n\n\n<li>Acompanhar desenvolvimento humano na fase mais importante<\/li>\n\n\n\n<li>Jornada menor (25-30h vs 40h de outros n\u00edveis)<\/li>\n\n\n\n<li>Trabalho criativo e l\u00fadico<\/li>\n<\/ul>\n\n\n\n<p><\/p>\n\n\n\n<p><strong>Rotina do Professor dos Anos Iniciais (1\u00ba ao 5\u00ba ano)<\/strong><\/p>\n\n\n\n<p><strong>Jornada:<\/strong> 25 a 40 horas semanais<\/p>\n\n\n\n<p><strong>Dia t\u00edpico:<\/strong><\/p>\n\n\n\n<p><strong>07h00 &#8211; Chegada:<\/strong><\/p>\n\n\n\n<ul class=\"wp-block-list\">\n<li>Prepara\u00e7\u00e3o da sala<\/li>\n\n\n\n<li>Organiza\u00e7\u00e3o de materiais<\/li>\n<\/ul>\n\n\n\n<p><\/p>\n\n\n\n<p><strong>07h30 &#8211; Entrada dos alunos:<\/strong><\/p>\n\n\n\n<ul class=\"wp-block-list\">\n<li>Recep\u00e7\u00e3o na porta<\/li>\n\n\n\n<li>Acolhida<\/li>\n<\/ul>\n\n\n\n<p><\/p>\n\n\n\n<p><strong>07h45 &#8211; Aula de L\u00edngua Portuguesa (Alfabetiza\u00e7\u00e3o\/Letramento):<\/strong><\/p>\n\n\n\n<ul class=\"wp-block-list\">\n<li>Leitura compartilhada<\/li>\n\n\n\n<li>Atividades de escrita<\/li>\n\n\n\n<li>Corre\u00e7\u00e3o individual<\/li>\n<\/ul>\n\n\n\n<p><\/p>\n\n\n\n<p><strong>09h15 &#8211; Intervalo (recreio):<\/strong><\/p>\n\n\n\n<ul class=\"wp-block-list\">\n<li>Supervis\u00e3o do recreio (revezamento com colegas)<\/li>\n<\/ul>\n\n\n\n<p><\/p>\n\n\n\n<p><strong>09h35 &#8211; Aula de Matem\u00e1tica:<\/strong><\/p>\n\n\n\n<ul class=\"wp-block-list\">\n<li>Resolu\u00e7\u00e3o de problemas<\/li>\n\n\n\n<li>Uso de material concreto<\/li>\n\n\n\n<li>Jogos matem\u00e1ticos<\/li>\n<\/ul>\n\n\n\n<p><\/p>\n\n\n\n<p><strong>10h45 &#8211; Aula de Ci\u00eancias\/Hist\u00f3ria\/Geografia:<\/strong><\/p>\n\n\n\n<ul class=\"wp-block-list\">\n<li>Aula interdisciplinar<\/li>\n\n\n\n<li>Experimentos ou atividades pr\u00e1ticas<\/li>\n<\/ul>\n\n\n\n<p><\/p>\n\n\n\n<p><strong>12h00 &#8211; Almo\u00e7o dos alunos:<\/strong><\/p>\n\n\n\n<ul class=\"wp-block-list\">\n<li>Supervis\u00e3o do refeit\u00f3rio (quando aplic\u00e1vel)<\/li>\n<\/ul>\n\n\n\n<p><\/p>\n\n\n\n<p><strong>12h30 &#8211; Sa\u00edda dos alunos (turno matutino):<\/strong><\/p>\n\n\n\n<ul class=\"wp-block-list\">\n<li>Organiza\u00e7\u00e3o da sa\u00edda<\/li>\n\n\n\n<li>Conversa com pais<\/li>\n<\/ul>\n\n\n\n<p><\/p>\n\n\n\n<p><strong>13h00-17h00 &#8211; HTPC (Hora de Trabalho Pedag\u00f3gico Coletivo) e planejamento:<\/strong><\/p>\n\n\n\n<ul class=\"wp-block-list\">\n<li>Corre\u00e7\u00e3o de atividades e provas<\/li>\n\n\n\n<li>Planejamento de aulas<\/li>\n\n\n\n<li>Preenchimento de di\u00e1rios<\/li>\n\n\n\n<li>Reuni\u00f5es pedag\u00f3gicas<\/li>\n\n\n\n<li>Elabora\u00e7\u00e3o de relat\u00f3rios individuais de alunos<\/li>\n\n\n\n<li>Contato com pais (quando necess\u00e1rio)<\/li>\n<\/ul>\n\n\n\n<p><\/p>\n\n\n\n<p><strong>Desafios:<\/strong><\/p>\n\n\n\n<ul class=\"wp-block-list\">\n<li>Alfabetizar turmas heterog\u00eaneas (alunos em n\u00edveis muito diferentes)<\/li>\n\n\n\n<li>Dar conta de TODAS as disciplinas (Portugu\u00eas, Matem\u00e1tica, Ci\u00eancias, Hist\u00f3ria, Geografia, Artes)<\/li>\n\n\n\n<li>Volume alt\u00edssimo de corre\u00e7\u00e3o<\/li>\n\n\n\n<li>Indisciplina crescente<\/li>\n\n\n\n<li>Cobran\u00e7a de resultados em avalia\u00e7\u00f5es externas<\/li>\n<\/ul>\n\n\n\n<p><\/p>\n\n\n\n<p><strong>Aspectos positivos:<\/strong><\/p>\n\n\n\n<ul class=\"wp-block-list\">\n<li>Ver alunos aprendendo a ler e escrever (gratificante)<\/li>\n\n\n\n<li>Polival\u00eancia (ensina tudo, n\u00e3o \u00e9 mon\u00f3tono)<\/li>\n\n\n\n<li>Relacionamento pr\u00f3ximo com as crian\u00e7as<\/li>\n<\/ul>\n\n\n\n<p><\/p>\n\n\n\n<p><strong>Rotina do Professor dos Anos Finais e Ensino M\u00e9dio<\/strong><\/p>\n\n\n\n<p><strong>Jornada:<\/strong> 40 horas semanais (podendo dar aulas em duas ou tr\u00eas escolas diferentes)<\/p>\n\n\n\n<p><strong>Dia t\u00edpico (professor de Matem\u00e1tica &#8211; Ensino M\u00e9dio):<\/strong><\/p>\n\n\n\n<p><strong>07h00 &#8211; Chegada \u00e0 Escola A:<\/strong><\/p>\n\n\n\n<ul class=\"wp-block-list\">\n<li>Prepara\u00e7\u00e3o<\/li>\n<\/ul>\n\n\n\n<p><\/p>\n\n\n\n<p><strong>07h30 &#8211; 1\u00aa aula (9\u00ba ano):<\/strong><\/p>\n\n\n\n<ul class=\"wp-block-list\">\n<li>Explica\u00e7\u00e3o de Equa\u00e7\u00f5es do 2\u00ba Grau<\/li>\n\n\n\n<li>Resolu\u00e7\u00e3o de exemplos no quadro<\/li>\n\n\n\n<li>Exerc\u00edcios em sala<\/li>\n<\/ul>\n\n\n\n<p><\/p>\n\n\n\n<p><strong>08h20 &#8211; 2\u00aa aula (1\u00ba ano EM):<\/strong><\/p>\n\n\n\n<ul class=\"wp-block-list\">\n<li>Fun\u00e7\u00f5es<\/li>\n\n\n\n<li>Gr\u00e1ficos<\/li>\n<\/ul>\n\n\n\n<p><\/p>\n\n\n\n<p><strong>09h10 &#8211; Intervalo<\/strong><\/p>\n\n\n\n<p><\/p>\n\n\n\n<p><strong>09h30 &#8211; 3\u00aa aula (2\u00ba ano EM):<\/strong><\/p>\n\n\n\n<ul class=\"wp-block-list\">\n<li>Trigonometria<\/li>\n<\/ul>\n\n\n\n<p><\/p>\n\n\n\n<p><strong>10h20 &#8211; 4\u00aa aula (3\u00ba ano EM):<\/strong><\/p>\n\n\n\n<ul class=\"wp-block-list\">\n<li>An\u00e1lise Combinat\u00f3ria (prepara\u00e7\u00e3o Enem)<\/li>\n<\/ul>\n\n\n\n<p><\/p>\n\n\n\n<p><strong>11h10 &#8211; 5\u00aa aula (8\u00ba ano):<\/strong><\/p>\n\n\n\n<ul class=\"wp-block-list\">\n<li>Teorema de Pit\u00e1goras<\/li>\n<\/ul>\n\n\n\n<p><\/p>\n\n\n\n<p><strong>12h00 &#8211; Almo\u00e7o r\u00e1pido<\/strong><\/p>\n\n\n\n<p><strong>13h00 &#8211; Deslocamento para Escola B<\/strong><\/p>\n\n\n\n<p><strong>14h00 &#8211; 6\u00aa aula (Escola B &#8211; 1\u00ba ano EM):<\/strong><\/p>\n\n\n\n<ul class=\"wp-block-list\">\n<li>Fun\u00e7\u00e3o Quadr\u00e1tica<\/li>\n<\/ul>\n\n\n\n<p><\/p>\n\n\n\n<p><strong>14h50 &#8211; 7\u00aa aula (9\u00ba ano):<\/strong><\/p>\n\n\n\n<ul class=\"wp-block-list\">\n<li>Proporcionalidade<\/li>\n<\/ul>\n\n\n\n<p><\/p>\n\n\n\n<p><strong>15h40 &#8211; Intervalo<\/strong><\/p>\n\n\n\n<p><\/p>\n\n\n\n<p><strong>16h00 &#8211; 8\u00aa aula (2\u00ba ano EM):<\/strong><\/p>\n\n\n\n<ul class=\"wp-block-list\">\n<li>Geometria Anal\u00edtica<\/li>\n<\/ul>\n\n\n\n<p><\/p>\n\n\n\n<p><strong>16h50 &#8211; Sa\u00edda<\/strong><\/p>\n\n\n\n<p><strong>17h30 &#8211; Chegada em casa<\/strong><\/p>\n\n\n\n<p><strong>18h00-21h00 &#8211; Trabalho em casa:<\/strong><\/p>\n\n\n\n<ul class=\"wp-block-list\">\n<li>Corre\u00e7\u00e3o de 200+ provas<\/li>\n\n\n\n<li>Planejamento de aulas<\/li>\n\n\n\n<li>Prepara\u00e7\u00e3o de listas de exerc\u00edcios<\/li>\n<\/ul>\n\n\n\n<p><\/p>\n\n\n\n<p><strong>Desafios:<\/strong><\/p>\n\n\n\n<ul class=\"wp-block-list\">\n<li>Dar aulas em m\u00faltiplas escolas (deslocamento, cansa\u00e7o)<\/li>\n\n\n\n<li>8-10 aulas por dia (200 alunos ou mais)<\/li>\n\n\n\n<li>Pouca conex\u00e3o individual com alunos<\/li>\n\n\n\n<li>Turmas superlotadas (40-45 alunos)<\/li>\n\n\n\n<li>Press\u00e3o enorme por resultados no Enem\/vestibulares<\/li>\n\n\n\n<li>Indisciplina adolescente<\/li>\n\n\n\n<li>Desvaloriza\u00e7\u00e3o (&#8220;professor ganha mal&#8221;)<\/li>\n<\/ul>\n\n\n\n<p><\/p>\n\n\n\n<p><strong>Aspectos positivos:<\/strong><\/p>\n\n\n\n<ul class=\"wp-block-list\">\n<li>Ensinar sua \u00e1rea de especializa\u00e7\u00e3o<\/li>\n\n\n\n<li>Profundidade no conte\u00fado<\/li>\n\n\n\n<li>Intera\u00e7\u00e3o com adolescentes (para quem gosta)<\/li>\n<\/ul>\n\n\n\n<h2 class=\"wp-block-heading\" id=\"h-mercado-de-trabalho-para-professores-analise-completa\"><strong>Mercado de trabalho para professores: an\u00e1lise completa<\/strong><\/h2>\n\n\n\n<p><strong>D\u00e9ficit de professores por disciplina<\/strong><\/p>\n\n\n\n<p><strong>\u00c1reas com ESCASSEZ CR\u00cdTICA (facilidade extrema de emprego):<\/strong><\/p>\n\n\n\n<ol start=\"1\" class=\"wp-block-list\">\n<li><strong>F\u00edsica:<\/strong> d\u00e9ficit de ~80.000 professores<\/li>\n\n\n\n<li><strong>Matem\u00e1tica:<\/strong> d\u00e9ficit de ~100.000 professores<\/li>\n\n\n\n<li><strong>Qu\u00edmica:<\/strong> d\u00e9ficit de ~60.000 professores<\/li>\n<\/ol>\n\n\n\n<p><\/p>\n\n\n\n<p><strong>\u00c1reas com D\u00c9FICIT MODERADO:<\/strong><\/p>\n\n\n\n<ol start=\"4\" class=\"wp-block-list\">\n<li><strong>Ci\u00eancias Biol\u00f3gicas:<\/strong> d\u00e9ficit de ~40.000<\/li>\n\n\n\n<li><strong>Ingl\u00eas:<\/strong> d\u00e9ficit de ~50.000<\/li>\n\n\n\n<li><strong>Geografia:<\/strong> d\u00e9ficit de ~30.000<\/li>\n<\/ol>\n\n\n\n<p><\/p>\n\n\n\n<p><strong>\u00c1reas SATURADAS (muita concorr\u00eancia):<\/strong><\/p>\n\n\n\n<ol start=\"7\" class=\"wp-block-list\">\n<li><strong>Pedagogia:<\/strong> oferta &gt; demanda<\/li>\n\n\n\n<li><strong>Educa\u00e7\u00e3o F\u00edsica:<\/strong> oferta &gt; demanda<\/li>\n\n\n\n<li><strong>Hist\u00f3ria:<\/strong> equil\u00edbrio ou leve satura\u00e7\u00e3o<\/li>\n<\/ol>\n\n\n\n<p><\/p>\n\n\n\n<p><strong>Onde professores encontram emprego<\/strong><\/p>\n\n\n\n<p><strong>1. Redes p\u00fablicas estaduais:<\/strong><\/p>\n\n\n\n<ul class=\"wp-block-list\">\n<li>Concursos espor\u00e1dicos (a cada 5-7 anos)<\/li>\n\n\n\n<li>Contratos tempor\u00e1rios (PSS &#8211; Processo Seletivo Simplificado)<\/li>\n\n\n\n<li>Estabilidade ap\u00f3s 3 anos (concursados)<\/li>\n\n\n\n<li>Sal\u00e1rios: piso nacional a R$ 14.000,00 (topo de carreira)<\/li>\n<\/ul>\n\n\n\n<p><\/p>\n\n\n\n<p><strong>2. Redes p\u00fablicas municipais:<\/strong><\/p>\n\n\n\n<ul class=\"wp-block-list\">\n<li>Concursos mais frequentes (especialmente capitais)<\/li>\n\n\n\n<li>Sal\u00e1rios geralmente superiores aos estaduais<\/li>\n\n\n\n<li>Foco em Ed. Infantil e Anos Iniciais (Pedagogia)<\/li>\n<\/ul>\n\n\n\n<p><\/p>\n\n\n\n<p><strong>3. Escolas particulares:<\/strong><\/p>\n\n\n\n<ul class=\"wp-block-list\">\n<li>Contrata\u00e7\u00e3o CLT (sem estabilidade)<\/li>\n\n\n\n<li>Sal\u00e1rios vari\u00e1veis: R$ 2.500,00 a R$ 8.000,00<\/li>\n\n\n\n<li>Melhores sal\u00e1rios: col\u00e9gios de elite (SP, RJ, BH)<\/li>\n\n\n\n<li>Exig\u00eancia maior (resultados, disciplina, relacionamento com pais)<\/li>\n<\/ul>\n\n\n\n<p><\/p>\n\n\n\n<p><strong>4. Cursinhos pr\u00e9-vestibulares:<\/strong><\/p>\n\n\n\n<ul class=\"wp-block-list\">\n<li>Professores de Matem\u00e1tica, F\u00edsica, Qu\u00edmica, Biologia muito valorizados<\/li>\n\n\n\n<li>Remunera\u00e7\u00e3o: R$ 80,00 a R$ 300,00 por hora\/aula<\/li>\n\n\n\n<li>Professores &#8220;estrelas&#8221; ganham muito bem<\/li>\n<\/ul>\n\n\n\n<p><\/p>\n\n\n\n<p><strong>5. Aulas particulares:<\/strong><\/p>\n\n\n\n<ul class=\"wp-block-list\">\n<li>Matem\u00e1tica: R$ 60,00 a R$ 150,00\/hora<\/li>\n\n\n\n<li>Outras disciplinas: R$ 40,00 a R$ 100,00\/hora<\/li>\n\n\n\n<li>Renda extra significativa<\/li>\n<\/ul>\n\n\n\n<p><\/p>\n\n\n\n<p><strong>6. Ensino superior (IFs e Universidades):<\/strong><\/p>\n\n\n\n<ul class=\"wp-block-list\">\n<li>Concursos federais<\/li>\n\n\n\n<li>Exig\u00eancia: mestrado (m\u00ednimo) ou doutorado<\/li>\n\n\n\n<li>Sal\u00e1rios: R$ 4.875,18 (Classe A I) a R$ 10.000,00+ (topo)<\/li>\n<\/ul>\n\n\n\n<p><\/p>\n\n\n\n<p>Dedica\u00e7\u00e3o exclusiva: at\u00e9 R$ 20.000,00+<\/p>\n\n\n\n<p><\/p>\n\n\n\n<h2 class=\"wp-block-heading has-text-align-left\" id=\"h-perguntas-frequentes-faq\">Perguntas Frequentes (FAQ)<\/h2>\n\n\n\n<div class=\"schema-faq wp-block-yoast-faq-block\"><div class=\"schema-faq-section\" id=\"faq-question-1770680206587\"><strong class=\"schema-faq-question\">1. <strong>A PND substitui os concursos p\u00fablicos para professor?<\/strong><\/strong> <p class=\"schema-faq-answer\">N\u00c3O. A PND \u00e9 um instrumento que auxilia os concursos, mas n\u00e3o os substitui. Embora a prova n\u00e3o substitua concursos p\u00fablicos, ela passa a ser um instrumento estrat\u00e9gico de apoio \u00e0s sele\u00e7\u00f5es locais. As redes podem adot\u00e1-la como etapa \u00fanica, etapa complementar, crit\u00e9rio em processo seletivo simplificado ou pontua\u00e7\u00e3o adicional em concurso p\u00fablico tradicional.<br><\/p> <\/div> <div class=\"schema-faq-section\" id=\"faq-question-1770680245588\"><strong class=\"schema-faq-question\">2. <strong>Se eu passar na PND, sou automaticamente contratado?<\/strong><\/strong> <p class=\"schema-faq-answer\">N\u00c3O. A PND n\u00e3o garante contrata\u00e7\u00e3o. Ser aprovado na PND significa que o candidato atingiu a pontua\u00e7\u00e3o exigida pelo exame, mas n\u00e3o garante vaga imediata \u2014 \u00e9 o processo seletivo da rede que prev\u00ea as vagas, cargos e crit\u00e9rios de ingresso. Cada estado e munic\u00edpio define como a nota ser\u00e1 aplicada, podendo us\u00e1-la como etapa classificat\u00f3ria, eliminat\u00f3ria ou crit\u00e9rio adicional.<\/p> <\/div> <div class=\"schema-faq-section\" id=\"faq-question-1770680269825\"><strong class=\"schema-faq-question\">3. <strong>Quanto tempo a nota da PND \u00e9 v\u00e1lida?<\/strong><\/strong> <p class=\"schema-faq-answer\">Os resultados da Prova Nacional Docente ter\u00e3o validade de tr\u00eas anos. O Inep disponibilizar\u00e1 os resultados por meio de um boletim individual com nota e n\u00edvel de desempenho. Fique atento: a validade conta a partir da data de divulga\u00e7\u00e3o oficial do resultado.<\/p> <\/div> <div class=\"schema-faq-section\" id=\"faq-question-1770680322977\"><strong class=\"schema-faq-question\">4. <strong>Posso fazer a PND em mais de uma \u00e1rea?<\/strong><\/strong> <p class=\"schema-faq-answer\">N\u00c3O. Voc\u00ea escolhe apenas UMA \u00e1rea de licenciatura ao se inscrever. No ato da inscri\u00e7\u00e3o, o participante deve indicar a \u00e1rea espec\u00edfica na qual deseja ser avaliado \u2014 por exemplo, ci\u00eancias sociais, matem\u00e1tica, educa\u00e7\u00e3o f\u00edsica, filosofia, f\u00edsica, portugu\u00eas, geografia etc. A escolha \u00e9 definitiva e n\u00e3o pode ser alterada ap\u00f3s a inscri\u00e7\u00e3o.<br><\/p> <\/div> <div class=\"schema-faq-section\" id=\"faq-question-1770680341080\"><strong class=\"schema-faq-question\">5. <strong>Preciso estar formado para fazer a PND?<\/strong><\/strong> <p class=\"schema-faq-answer\">N\u00c3O. A participa\u00e7\u00e3o ser\u00e1 autom\u00e1tica e gratuita para os estudantes concluintes de cursos de licenciatura inscritos no Enade 2025, sem necessidade de nova inscri\u00e7\u00e3o. Al\u00e9m deles, podem participar cidad\u00e3os com interesse em concursos ou processos seletivos promovidos por estados e munic\u00edpios que adotarem a PND como etapa do processo de contrata\u00e7\u00e3o.<\/p> <\/div> <div class=\"schema-faq-section\" id=\"faq-question-1770680370835\"><strong class=\"schema-faq-question\">6. <strong>A PND vale para escolas particulares?<\/strong><\/strong> <p class=\"schema-faq-answer\">N\u00c3O. A PND \u00e9 exclusivamente para sele\u00e7\u00e3o em redes p\u00fablicas de ensino. A PND funciona como um instrumento avaliativo adicional para o processo seletivo de professores, podendo ser utilizada pela rede estadual e municipal como etapa \u00fanica ou complementar na sele\u00e7\u00e3o dos profissionais. Redes privadas n\u00e3o fazem parte do programa.<\/p> <\/div> <div class=\"schema-faq-section\" id=\"faq-question-1770680394630\"><strong class=\"schema-faq-question\">7. <strong>Qual a nota m\u00ednima para passar?<\/strong><\/strong> <p class=\"schema-faq-answer\">N\u00e3o existe nota m\u00ednima universal \u2014 cada rede define seus pr\u00f3prios crit\u00e9rios de corte. A pontua\u00e7\u00e3o varia de 0 a 100: candidatos com 70 pontos ou mais s\u00e3o classificados como de &#8220;desempenho adequado&#8221;, enquanto notas acima de 50 pontos indicam n\u00edvel b\u00e1sico de dom\u00ednio dos conte\u00fados. Esses patamares orientam as redes, mas n\u00e3o s\u00e3o obrigat\u00f3rios para todos os editais.<\/p> <\/div> <div class=\"schema-faq-section\" id=\"faq-question-1770680417510\"><strong class=\"schema-faq-question\">8. <strong>A prova \u00e9 dif\u00edcil?<\/strong><\/strong> <p class=\"schema-faq-answer\">M\u00e9dio a dif\u00edcil. A parte de forma\u00e7\u00e3o geral contar\u00e1 com 30 quest\u00f5es de m\u00faltipla escolha e uma discursiva, enquanto o componente espec\u00edfico ter\u00e1 50 quest\u00f5es objetivas \u2014 todas envolvendo situa\u00e7\u00f5es-problema. A quest\u00e3o discursiva avalia aspectos como clareza, coer\u00eancia, coes\u00e3o, estrat\u00e9gias argumentativas, vocabul\u00e1rio e gram\u00e1tica da l\u00edngua portuguesa. A prova tem dura\u00e7\u00e3o total de 5h30 e usa a metodologia TRI (mesma do Enem).<\/p> <\/div> <div class=\"schema-faq-section\" id=\"faq-question-1770680436002\"><strong class=\"schema-faq-question\">9. <strong>Posso usar a nota da PND em qualquer estado?<\/strong><\/strong> <p class=\"schema-faq-answer\">SIM, desde que aquele estado tenha aderido \u00e0 PND e tenha editais abertos. Aproximadamente 750 cidades, distribu\u00eddas em todos os estados e no Distrito Federal, j\u00e1 indicaram que poder\u00e3o utilizar a nota da PND em seus processos seletivos para contrata\u00e7\u00e3o de professores. Quatro unidades federativas n\u00e3o aderiram formalmente \u00e0 iniciativa no momento do an\u00fancio oficial pelo MEC em julho de 2025.<\/p> <\/div> <div class=\"schema-faq-section\" id=\"faq-question-1770680454202\"><strong class=\"schema-faq-question\">10. <strong>Quanto custa fazer a PND?<\/strong><\/strong> <p class=\"schema-faq-answer\">R$ 85,00 (com isen\u00e7\u00e3o para alguns grupos). Est\u00e3o isentos do pagamento estudantes concluintes inscritos no Enade das Licenciaturas que solicitaram a isen\u00e7\u00e3o, bem como cidad\u00e3os inscritos no Cad\u00danico e doadores de medula \u00f3ssea. O pagamento pode ser feito via Pix, cart\u00e3o de cr\u00e9dito ou d\u00e9bito em conta corrente\/poupan\u00e7a.<\/p> <\/div> <\/div>\n\n\n\n<h2 class=\"wp-block-heading\" id=\"h-prova-nacional-docente\"><strong><strong>Prova Nacional Docente<\/strong><\/strong><\/h2>\n\n\n\n<p>Ser professor no Brasil \u00e9 um ato de coragem, resist\u00eancia e esperan\u00e7a. Apesar dos desafios ineg\u00e1veis \u2014 salas superlotadas, falta de recursos, desvaloriza\u00e7\u00e3o hist\u00f3rica, indisciplina crescente \u2014, a profiss\u00e3o docente continua sendo a <strong>mais nobre e impactante de todas as carreiras<\/strong>.<\/p>\n\n\n\n<p>Voc\u00ea n\u00e3o estar\u00e1 apenas &#8220;dando aulas&#8221;. Voc\u00ea estar\u00e1:<\/p>\n\n\n\n<ul class=\"wp-block-list\">\n<li><strong>Alfabetizando crian\u00e7as<\/strong> que se tornar\u00e3o leitores cr\u00edticos<\/li>\n\n\n\n<li><strong>Ensinando Matem\u00e1tica<\/strong> para futuros engenheiros, m\u00e9dicos, cientistas<\/li>\n\n\n\n<li><strong>Despertando paix\u00e3o pela leitura<\/strong> em adolescentes<\/li>\n\n\n\n<li><strong>Sendo refer\u00eancia<\/strong> de adulto \u00edntegro para crian\u00e7as vulner\u00e1veis<\/li>\n\n\n\n<li><strong>Mudando trajet\u00f3rias<\/strong> de vida atrav\u00e9s do conhecimento<\/li>\n\n\n\n<li><strong>Construindo cidadania<\/strong> e democracia, um aluno por vez<\/li>\n<\/ul>\n\n\n\n<p><\/p>\n\n\n\n<p><strong>Lembre-se:<\/strong> A PND n\u00e3o mede quanto voc\u00ea decorou. Ela mede <strong>se voc\u00ea sabe SER PROFESSOR<\/strong> \u2014 se compreende como alunos aprendem, como planejar aulas eficazes, como lidar com desafios reais de sala de aula, como aplicar a legisla\u00e7\u00e3o educacional na pr\u00e1tica cotidiana.<\/p>\n\n\n\n<p><strong>Boa sorte e bons estudos, futuro professor(a) aprovado(a) na Prova Nacional Docente!ina\u00e7\u00e3o! Boa sorte e bons estudos!<\/strong><\/p>\n\n\n\n<p><\/p>\n","protected":false},"excerpt":{"rendered":"<p>A Prova Nacional Docente (PND) \u00e9 a mais recente iniciativa do Minist\u00e9rio da Educa\u00e7\u00e3o (MEC) para transformar a forma como professores ingressam nas redes p\u00fablicas de ensino no Brasil. Criada em janeiro de 2025 pelo Decreto n\u00ba 12.358 e integrada ao Programa Mais Professores para o Brasil, a PND \u00e9 oficialmente chamada de &#8220;Enem dos [&hellip;]<\/p>\n","protected":false},"author":7,"featured_media":2387,"parent":0,"menu_order":0,"comment_status":"closed","ping_status":"closed","template":"templete-aprova.php","meta":{"_acf_changed":false,"footnotes":""},"class_list":["post-2386","page","type-page","status-publish","has-post-thumbnail","hentry"],"acf":[],"yoast_head":"<!-- This site is optimized with the Yoast SEO Premium plugin v26.9 (Yoast SEO v27.0) - https:\/\/yoast.com\/product\/yoast-seo-premium-wordpress\/ -->\n<title>Prova Nacional Docente (PND)<\/title>\n<meta name=\"description\" content=\"Guia Completo da PND: Saiba o que \u00e9 a Prova Nacional Docente, quem pode fazer, como funciona a sele\u00e7\u00e3o, o que cai na prova e como usar sua nota para ser contratado nas redes p\u00fablicas de ensino!\" \/>\n<meta name=\"robots\" content=\"index, follow, max-snippet:-1, max-image-preview:large, max-video-preview:-1\" \/>\n<link rel=\"canonical\" href=\"https:\/\/www.aprovaconcursos.com.br\/cursos\/prova-nacional-docente\/\" \/>\n<meta property=\"og:locale\" content=\"pt_BR\" \/>\n<meta property=\"og:type\" content=\"article\" \/>\n<meta property=\"og:title\" content=\"Prova Nacional Docente (PND)\" \/>\n<meta property=\"og:description\" content=\"Guia Completo da PND: Saiba o que \u00e9 a Prova Nacional Docente, quem pode fazer, como funciona a sele\u00e7\u00e3o, o que cai na prova e como usar sua nota para ser contratado nas redes p\u00fablicas de ensino!\" \/>\n<meta property=\"og:url\" content=\"https:\/\/www.aprovaconcursos.com.br\/cursos\/prova-nacional-docente\/\" \/>\n<meta property=\"og:site_name\" content=\"aprovaconcursos\" \/>\n<meta property=\"article:modified_time\" content=\"2026-03-23T19:27:41+00:00\" \/>\n<meta property=\"og:image\" content=\"https:\/\/www.aprovaconcursos.com.br\/cursos\/wp-content\/uploads\/2026\/03\/Prova-Nacional-Docente-PND-Guia-Completo.png\" \/>\n\t<meta property=\"og:image:width\" content=\"1200\" \/>\n\t<meta property=\"og:image:height\" content=\"628\" \/>\n\t<meta property=\"og:image:type\" content=\"image\/png\" \/>\n<meta name=\"twitter:card\" content=\"summary_large_image\" \/>\n<meta name=\"twitter:label1\" content=\"Est. tempo de leitura\" \/>\n\t<meta name=\"twitter:data1\" content=\"35 minutos\" \/>\n<!-- \/ Yoast SEO Premium plugin. -->","yoast_head_json":{"title":"Prova Nacional Docente (PND)","description":"Guia Completo da PND: Saiba o que \u00e9 a Prova Nacional Docente, quem pode fazer, como funciona a sele\u00e7\u00e3o, o que cai na prova e como usar sua nota para ser contratado nas redes p\u00fablicas de ensino!","robots":{"index":"index","follow":"follow","max-snippet":"max-snippet:-1","max-image-preview":"max-image-preview:large","max-video-preview":"max-video-preview:-1"},"canonical":"https:\/\/www.aprovaconcursos.com.br\/cursos\/prova-nacional-docente\/","og_locale":"pt_BR","og_type":"article","og_title":"Prova Nacional Docente (PND)","og_description":"Guia Completo da PND: Saiba o que \u00e9 a Prova Nacional Docente, quem pode fazer, como funciona a sele\u00e7\u00e3o, o que cai na prova e como usar sua nota para ser contratado nas redes p\u00fablicas de ensino!","og_url":"https:\/\/www.aprovaconcursos.com.br\/cursos\/prova-nacional-docente\/","og_site_name":"aprovaconcursos","article_modified_time":"2026-03-23T19:27:41+00:00","og_image":[{"width":1200,"height":628,"url":"https:\/\/www.aprovaconcursos.com.br\/cursos\/wp-content\/uploads\/2026\/03\/Prova-Nacional-Docente-PND-Guia-Completo.png","type":"image\/png"}],"twitter_card":"summary_large_image","twitter_misc":{"Est. tempo de leitura":"35 minutos"},"schema":{"@context":"https:\/\/schema.org","@graph":[{"@type":["WebPage","FAQPage"],"@id":"https:\/\/www.aprovaconcursos.com.br\/cursos\/prova-nacional-docente\/","url":"https:\/\/www.aprovaconcursos.com.br\/cursos\/prova-nacional-docente\/","name":"Prova Nacional Docente (PND)","isPartOf":{"@id":"https:\/\/www.aprovaconcursos.com.br\/cursos\/#website"},"primaryImageOfPage":{"@id":"https:\/\/www.aprovaconcursos.com.br\/cursos\/prova-nacional-docente\/#primaryimage"},"image":{"@id":"https:\/\/www.aprovaconcursos.com.br\/cursos\/prova-nacional-docente\/#primaryimage"},"thumbnailUrl":"https:\/\/www.aprovaconcursos.com.br\/cursos\/wp-content\/uploads\/2026\/03\/Prova-Nacional-Docente-PND-Guia-Completo.png","datePublished":"2026-03-11T12:59:28+00:00","dateModified":"2026-03-23T19:27:41+00:00","description":"Guia Completo da PND: Saiba o que \u00e9 a Prova Nacional Docente, quem pode fazer, como funciona a sele\u00e7\u00e3o, o que cai na prova e como usar sua nota para ser contratado nas redes p\u00fablicas de ensino!","breadcrumb":{"@id":"https:\/\/www.aprovaconcursos.com.br\/cursos\/prova-nacional-docente\/#breadcrumb"},"mainEntity":[{"@id":"https:\/\/www.aprovaconcursos.com.br\/cursos\/prova-nacional-docente\/#faq-question-1770680206587"},{"@id":"https:\/\/www.aprovaconcursos.com.br\/cursos\/prova-nacional-docente\/#faq-question-1770680245588"},{"@id":"https:\/\/www.aprovaconcursos.com.br\/cursos\/prova-nacional-docente\/#faq-question-1770680269825"},{"@id":"https:\/\/www.aprovaconcursos.com.br\/cursos\/prova-nacional-docente\/#faq-question-1770680322977"},{"@id":"https:\/\/www.aprovaconcursos.com.br\/cursos\/prova-nacional-docente\/#faq-question-1770680341080"},{"@id":"https:\/\/www.aprovaconcursos.com.br\/cursos\/prova-nacional-docente\/#faq-question-1770680370835"},{"@id":"https:\/\/www.aprovaconcursos.com.br\/cursos\/prova-nacional-docente\/#faq-question-1770680394630"},{"@id":"https:\/\/www.aprovaconcursos.com.br\/cursos\/prova-nacional-docente\/#faq-question-1770680417510"},{"@id":"https:\/\/www.aprovaconcursos.com.br\/cursos\/prova-nacional-docente\/#faq-question-1770680436002"},{"@id":"https:\/\/www.aprovaconcursos.com.br\/cursos\/prova-nacional-docente\/#faq-question-1770680454202"}],"inLanguage":"pt-BR","potentialAction":[{"@type":"ReadAction","target":["https:\/\/www.aprovaconcursos.com.br\/cursos\/prova-nacional-docente\/"]}],"accessibilityFeature":["tableOfContents"]},{"@type":"ImageObject","inLanguage":"pt-BR","@id":"https:\/\/www.aprovaconcursos.com.br\/cursos\/prova-nacional-docente\/#primaryimage","url":"https:\/\/www.aprovaconcursos.com.br\/cursos\/wp-content\/uploads\/2026\/03\/Prova-Nacional-Docente-PND-Guia-Completo.png","contentUrl":"https:\/\/www.aprovaconcursos.com.br\/cursos\/wp-content\/uploads\/2026\/03\/Prova-Nacional-Docente-PND-Guia-Completo.png","width":1200,"height":628},{"@type":"BreadcrumbList","@id":"https:\/\/www.aprovaconcursos.com.br\/cursos\/prova-nacional-docente\/#breadcrumb","itemListElement":[{"@type":"ListItem","position":1,"name":"Home","item":"https:\/\/www.aprovaconcursos.com.br\/cursos\/"},{"@type":"ListItem","position":2,"name":"Prova Nacional Docente (PND)"}]},{"@type":"WebSite","@id":"https:\/\/www.aprovaconcursos.com.br\/cursos\/#website","url":"https:\/\/www.aprovaconcursos.com.br\/cursos\/","name":"aprovaconcursos","description":"","potentialAction":[{"@type":"SearchAction","target":{"@type":"EntryPoint","urlTemplate":"https:\/\/www.aprovaconcursos.com.br\/cursos\/?s={search_term_string}"},"query-input":{"@type":"PropertyValueSpecification","valueRequired":true,"valueName":"search_term_string"}}],"inLanguage":"pt-BR"},{"@type":"Question","@id":"https:\/\/www.aprovaconcursos.com.br\/cursos\/prova-nacional-docente\/#faq-question-1770680206587","position":1,"url":"https:\/\/www.aprovaconcursos.com.br\/cursos\/prova-nacional-docente\/#faq-question-1770680206587","name":"1. A PND substitui os concursos p\u00fablicos para professor?","answerCount":1,"acceptedAnswer":{"@type":"Answer","text":"N\u00c3O. A PND \u00e9 um instrumento que auxilia os concursos, mas n\u00e3o os substitui. Embora a prova n\u00e3o substitua concursos p\u00fablicos, ela passa a ser um instrumento estrat\u00e9gico de apoio \u00e0s sele\u00e7\u00f5es locais. As redes podem adot\u00e1-la como etapa \u00fanica, etapa complementar, crit\u00e9rio em processo seletivo simplificado ou pontua\u00e7\u00e3o adicional em concurso p\u00fablico tradicional.<br>","inLanguage":"pt-BR"},"inLanguage":"pt-BR"},{"@type":"Question","@id":"https:\/\/www.aprovaconcursos.com.br\/cursos\/prova-nacional-docente\/#faq-question-1770680245588","position":2,"url":"https:\/\/www.aprovaconcursos.com.br\/cursos\/prova-nacional-docente\/#faq-question-1770680245588","name":"2. Se eu passar na PND, sou automaticamente contratado?","answerCount":1,"acceptedAnswer":{"@type":"Answer","text":"N\u00c3O. A PND n\u00e3o garante contrata\u00e7\u00e3o. Ser aprovado na PND significa que o candidato atingiu a pontua\u00e7\u00e3o exigida pelo exame, mas n\u00e3o garante vaga imediata \u2014 \u00e9 o processo seletivo da rede que prev\u00ea as vagas, cargos e crit\u00e9rios de ingresso. Cada estado e munic\u00edpio define como a nota ser\u00e1 aplicada, podendo us\u00e1-la como etapa classificat\u00f3ria, eliminat\u00f3ria ou crit\u00e9rio adicional.","inLanguage":"pt-BR"},"inLanguage":"pt-BR"},{"@type":"Question","@id":"https:\/\/www.aprovaconcursos.com.br\/cursos\/prova-nacional-docente\/#faq-question-1770680269825","position":3,"url":"https:\/\/www.aprovaconcursos.com.br\/cursos\/prova-nacional-docente\/#faq-question-1770680269825","name":"3. Quanto tempo a nota da PND \u00e9 v\u00e1lida?","answerCount":1,"acceptedAnswer":{"@type":"Answer","text":"Os resultados da Prova Nacional Docente ter\u00e3o validade de tr\u00eas anos. O Inep disponibilizar\u00e1 os resultados por meio de um boletim individual com nota e n\u00edvel de desempenho. Fique atento: a validade conta a partir da data de divulga\u00e7\u00e3o oficial do resultado.","inLanguage":"pt-BR"},"inLanguage":"pt-BR"},{"@type":"Question","@id":"https:\/\/www.aprovaconcursos.com.br\/cursos\/prova-nacional-docente\/#faq-question-1770680322977","position":4,"url":"https:\/\/www.aprovaconcursos.com.br\/cursos\/prova-nacional-docente\/#faq-question-1770680322977","name":"4. Posso fazer a PND em mais de uma \u00e1rea?","answerCount":1,"acceptedAnswer":{"@type":"Answer","text":"N\u00c3O. Voc\u00ea escolhe apenas UMA \u00e1rea de licenciatura ao se inscrever. No ato da inscri\u00e7\u00e3o, o participante deve indicar a \u00e1rea espec\u00edfica na qual deseja ser avaliado \u2014 por exemplo, ci\u00eancias sociais, matem\u00e1tica, educa\u00e7\u00e3o f\u00edsica, filosofia, f\u00edsica, portugu\u00eas, geografia etc. A escolha \u00e9 definitiva e n\u00e3o pode ser alterada ap\u00f3s a inscri\u00e7\u00e3o.<br>","inLanguage":"pt-BR"},"inLanguage":"pt-BR"},{"@type":"Question","@id":"https:\/\/www.aprovaconcursos.com.br\/cursos\/prova-nacional-docente\/#faq-question-1770680341080","position":5,"url":"https:\/\/www.aprovaconcursos.com.br\/cursos\/prova-nacional-docente\/#faq-question-1770680341080","name":"5. Preciso estar formado para fazer a PND?","answerCount":1,"acceptedAnswer":{"@type":"Answer","text":"N\u00c3O. A participa\u00e7\u00e3o ser\u00e1 autom\u00e1tica e gratuita para os estudantes concluintes de cursos de licenciatura inscritos no Enade 2025, sem necessidade de nova inscri\u00e7\u00e3o. Al\u00e9m deles, podem participar cidad\u00e3os com interesse em concursos ou processos seletivos promovidos por estados e munic\u00edpios que adotarem a PND como etapa do processo de contrata\u00e7\u00e3o.","inLanguage":"pt-BR"},"inLanguage":"pt-BR"},{"@type":"Question","@id":"https:\/\/www.aprovaconcursos.com.br\/cursos\/prova-nacional-docente\/#faq-question-1770680370835","position":6,"url":"https:\/\/www.aprovaconcursos.com.br\/cursos\/prova-nacional-docente\/#faq-question-1770680370835","name":"6. A PND vale para escolas particulares?","answerCount":1,"acceptedAnswer":{"@type":"Answer","text":"N\u00c3O. A PND \u00e9 exclusivamente para sele\u00e7\u00e3o em redes p\u00fablicas de ensino. A PND funciona como um instrumento avaliativo adicional para o processo seletivo de professores, podendo ser utilizada pela rede estadual e municipal como etapa \u00fanica ou complementar na sele\u00e7\u00e3o dos profissionais. Redes privadas n\u00e3o fazem parte do programa.","inLanguage":"pt-BR"},"inLanguage":"pt-BR"},{"@type":"Question","@id":"https:\/\/www.aprovaconcursos.com.br\/cursos\/prova-nacional-docente\/#faq-question-1770680394630","position":7,"url":"https:\/\/www.aprovaconcursos.com.br\/cursos\/prova-nacional-docente\/#faq-question-1770680394630","name":"7. Qual a nota m\u00ednima para passar?","answerCount":1,"acceptedAnswer":{"@type":"Answer","text":"N\u00e3o existe nota m\u00ednima universal \u2014 cada rede define seus pr\u00f3prios crit\u00e9rios de corte. A pontua\u00e7\u00e3o varia de 0 a 100: candidatos com 70 pontos ou mais s\u00e3o classificados como de \"desempenho adequado\", enquanto notas acima de 50 pontos indicam n\u00edvel b\u00e1sico de dom\u00ednio dos conte\u00fados. Esses patamares orientam as redes, mas n\u00e3o s\u00e3o obrigat\u00f3rios para todos os editais.","inLanguage":"pt-BR"},"inLanguage":"pt-BR"},{"@type":"Question","@id":"https:\/\/www.aprovaconcursos.com.br\/cursos\/prova-nacional-docente\/#faq-question-1770680417510","position":8,"url":"https:\/\/www.aprovaconcursos.com.br\/cursos\/prova-nacional-docente\/#faq-question-1770680417510","name":"8. A prova \u00e9 dif\u00edcil?","answerCount":1,"acceptedAnswer":{"@type":"Answer","text":"M\u00e9dio a dif\u00edcil. A parte de forma\u00e7\u00e3o geral contar\u00e1 com 30 quest\u00f5es de m\u00faltipla escolha e uma discursiva, enquanto o componente espec\u00edfico ter\u00e1 50 quest\u00f5es objetivas \u2014 todas envolvendo situa\u00e7\u00f5es-problema. A quest\u00e3o discursiva avalia aspectos como clareza, coer\u00eancia, coes\u00e3o, estrat\u00e9gias argumentativas, vocabul\u00e1rio e gram\u00e1tica da l\u00edngua portuguesa. A prova tem dura\u00e7\u00e3o total de 5h30 e usa a metodologia TRI (mesma do Enem).","inLanguage":"pt-BR"},"inLanguage":"pt-BR"},{"@type":"Question","@id":"https:\/\/www.aprovaconcursos.com.br\/cursos\/prova-nacional-docente\/#faq-question-1770680436002","position":9,"url":"https:\/\/www.aprovaconcursos.com.br\/cursos\/prova-nacional-docente\/#faq-question-1770680436002","name":"9. Posso usar a nota da PND em qualquer estado?","answerCount":1,"acceptedAnswer":{"@type":"Answer","text":"SIM, desde que aquele estado tenha aderido \u00e0 PND e tenha editais abertos. Aproximadamente 750 cidades, distribu\u00eddas em todos os estados e no Distrito Federal, j\u00e1 indicaram que poder\u00e3o utilizar a nota da PND em seus processos seletivos para contrata\u00e7\u00e3o de professores. Quatro unidades federativas n\u00e3o aderiram formalmente \u00e0 iniciativa no momento do an\u00fancio oficial pelo MEC em julho de 2025.","inLanguage":"pt-BR"},"inLanguage":"pt-BR"},{"@type":"Question","@id":"https:\/\/www.aprovaconcursos.com.br\/cursos\/prova-nacional-docente\/#faq-question-1770680454202","position":10,"url":"https:\/\/www.aprovaconcursos.com.br\/cursos\/prova-nacional-docente\/#faq-question-1770680454202","name":"10. Quanto custa fazer a PND?","answerCount":1,"acceptedAnswer":{"@type":"Answer","text":"R$ 85,00 (com isen\u00e7\u00e3o para alguns grupos). Est\u00e3o isentos do pagamento estudantes concluintes inscritos no Enade das Licenciaturas que solicitaram a isen\u00e7\u00e3o, bem como cidad\u00e3os inscritos no Cad\u00danico e doadores de medula \u00f3ssea. O pagamento pode ser feito via Pix, cart\u00e3o de cr\u00e9dito ou d\u00e9bito em conta corrente\/poupan\u00e7a.","inLanguage":"pt-BR"},"inLanguage":"pt-BR"}]}},"_links":{"self":[{"href":"https:\/\/www.aprovaconcursos.com.br\/cursos\/wp-json\/wp\/v2\/pages\/2386","targetHints":{"allow":["GET"]}}],"collection":[{"href":"https:\/\/www.aprovaconcursos.com.br\/cursos\/wp-json\/wp\/v2\/pages"}],"about":[{"href":"https:\/\/www.aprovaconcursos.com.br\/cursos\/wp-json\/wp\/v2\/types\/page"}],"author":[{"embeddable":true,"href":"https:\/\/www.aprovaconcursos.com.br\/cursos\/wp-json\/wp\/v2\/users\/7"}],"replies":[{"embeddable":true,"href":"https:\/\/www.aprovaconcursos.com.br\/cursos\/wp-json\/wp\/v2\/comments?post=2386"}],"version-history":[{"count":5,"href":"https:\/\/www.aprovaconcursos.com.br\/cursos\/wp-json\/wp\/v2\/pages\/2386\/revisions"}],"predecessor-version":[{"id":2407,"href":"https:\/\/www.aprovaconcursos.com.br\/cursos\/wp-json\/wp\/v2\/pages\/2386\/revisions\/2407"}],"wp:featuredmedia":[{"embeddable":true,"href":"https:\/\/www.aprovaconcursos.com.br\/cursos\/wp-json\/wp\/v2\/media\/2387"}],"wp:attachment":[{"href":"https:\/\/www.aprovaconcursos.com.br\/cursos\/wp-json\/wp\/v2\/media?parent=2386"}],"curies":[{"name":"wp","href":"https:\/\/api.w.org\/{rel}","templated":true}]}}